{"id":97,"date":"2015-05-22T10:54:42","date_gmt":"2015-05-22T10:54:42","guid":{"rendered":"http:\/\/annamargules.com\/wordpress\/?page_id=97"},"modified":"2019-07-25T19:30:28","modified_gmt":"2019-07-25T19:30:28","slug":"premieres","status":"publish","type":"page","link":"http:\/\/annamargules.com\/en\/premieres\/","title":{"rendered":"Premieres"},"content":{"rendered":"\n<p>Arias Bal, Javier<\/p>\n\n\n\n<ul class=\"wp-block-list\"><li><em>La Habitaci\u00f3n\n     Parada <\/em>(1997). Dedicada a Anna Margules y su memoria. Estreno en las XII\n     Xornadas de M\u00fasica Contempor\u00e1nea de la Universidad Santiago de Compostela,\n     auspiciadas por el Centro Galego de Arte Contempor\u00e1neo. Santiago de\n     Compostela.<\/li><\/ul>\n\n\n\n<p>Baca Lobera, Ignacio<\/p>\n\n\n\n<ul class=\"wp-block-list\"><li><em>Memento<\/em> (2003). Para\n     Flauta de pico y electr\u00f3nica. Estreno en el Teatro de la Rep\u00fablica.\n     Quer\u00e9taro.<\/li><\/ul>\n\n\n\n<p>Casta\u00f1os, Alejandro<\/p>\n\n\n\n<ul class=\"wp-block-list\"><li><em>Variaciones sobre\n     un tema de Tomaz Grom <\/em>(2000)<em>.<\/em> Para Tr\u00edo de flautas de pico. Dedicada a Anna\n     Margules y el Tr\u00edo Subtilior, Estreno en&nbsp; Casa de Am\u00e9rica de Madrid.<\/li><\/ul>\n\n\n\n<p>Ferrer,\nIv\u00e1n<\/p>\n\n\n\n<ul class=\"wp-block-list\"><li><em>De c\u00f3mo a la memoria se han de\n     juntar los suspiros <\/em>(2018), para flauta de pico tenor y electr\u00f3nica en vivo. Estreno\n     en el XV Bernaola Festival 2018, Vitoria<\/li><\/ul>\n\n\n\n<p>Fuentes, Arturo<\/p>\n\n\n\n<ul class=\"wp-block-list\"><li><em>Memorias del Vac\u00edo<\/em> (2012). Para\n     flauta&nbsp; Paetzold Constrabajo en Fa, electr\u00f3nica en vivo y video, de\n     Arturo Fuentes. Estreno en el Ciclo de Solistas de la Fundaci\u00f3n BBVA,\n     Madrid.<\/li><\/ul>\n\n\n\n<figure class=\"wp-block-embed-youtube wp-block-embed is-type-video is-provider-youtube wp-embed-aspect-16-9 wp-has-aspect-ratio\"><div class=\"wp-block-embed__wrapper\">\n<iframe loading=\"lazy\" title=\"ARTURO FUENTES | Memorias del Vac\u00edo\" width=\"780\" height=\"439\" src=\"https:\/\/www.youtube.com\/embed\/wQI27mRFxz8?feature=oembed\" frameborder=\"0\" allow=\"accelerometer; autoplay; encrypted-media; gyroscope; picture-in-picture\" allowfullscreen><\/iframe>\n<\/div><\/figure>\n\n\n\n<ul class=\"wp-block-list\"><li><em>Toro Mariposa<\/em> (2009). Para\n     flauta de pico sopranino y medios electr\u00f3nicos. Estreno en el Ciclo de\n     Solistas de la Fundaci\u00f3n BBVA, Madrid.<\/li><\/ul>\n\n\n\n<p>Hern\u00e1ndez, Alejandra<\/p>\n\n\n\n<ul class=\"wp-block-list\"><li><em>Vuelos<\/em> (2005) para\n     Flauta Bajo, flautas mexicanas y medios electr\u00f3nicos, de Estreno en el 33\n     Festival Internacional Cervantino de Guanajuato M\u00e9xico.<\/li><\/ul>\n\n\n\n<p>Luque, Sergio<\/p>\n\n\n\n<ul class=\"wp-block-list\"><li><em>It\u2019s all mirrors and\n     magnets<\/em> (2012). Para Flauta de pico Bajo. Estreno en el Ciclo de Solistas de la\n     Fundaci\u00f3n BBVA, Madrid.<\/li><\/ul>\n\n\n\n<p>Mac\u00edas, Gonzalo<\/p>\n\n\n\n<ul class=\"wp-block-list\"><li><em>Bruissement <\/em>(2000). Para\n     flauta de pico contralto Ganassi en sol. Dedicada a Anna Margules. Estreno\n     en la Casa de Am\u00e9rica de Madrid.<\/li><\/ul>\n\n\n\n<p>Manchado, Marisa<\/p>\n\n\n\n<ul class=\"wp-block-list\"><li><em>Aires<\/em> (2005). Para\n     flauta de pico bajo. Estreno en el 33 Festival Internacional Cervantino de\n     Guanajuato, M\u00e9xico.<\/li><\/ul>\n\n\n\n<p>Mar\u00edn, Enrique<\/p>\n\n\n\n<ul class=\"wp-block-list\"><li><em>Elementos\n     Constantes, Hechos Variables<\/em> (2003). Para Flautas de pico, tuba\n     y electr\u00f3nica en vivo. Dedicada a Anna Margules y Jes\u00fas Jara. Estreno en\n     las X Jornadas de Inform\u00e1tica y electr\u00f3nica musical. Museo Nacional Centro\n     de Arte Reina Sof\u00eda, Madrid.<\/li><\/ul>\n\n\n\n<p>Morales-Ossio, Christian<\/p>\n\n\n\n<ul class=\"wp-block-list\"><li><em>Relief II<\/em> (2000). Versi\u00f3n\n     para d\u00fao de flautas de pico. Anna Margules, Joan Izquierdo: Flautas de pico.\n     Estreno en la Casa de Am\u00e9rica de Madrid.<\/li><\/ul>\n\n\n\n<p>Ortiz, Gabriela<\/p>\n\n\n\n<ul class=\"wp-block-list\"><li><em>Canto en Soledad <\/em>(2016). Para\n     Flauta de pico tenor. Encargo de Jes\u00fas Mateo.<\/li><li><em>Canto a Hanna<\/em> (2005) para\n     Flauta de pico tenor. Estreno en el 33 Festival Internacional Cervantino\n     de Guanajuato, M\u00e9xico.<\/li><\/ul>\n\n\n\n<p>Paredes, Hilda<\/p>\n\n\n\n<ul class=\"wp-block-list\"><li><em>Arcana <\/em>(1992). Para\n     Flauta de picos contralto y bajo. Dedicada a Anna Margules y Janne\n     Eriksson . Anna Margules y Janne Eriksson: Flautas de pico. Estreno en el\n     Sweelinck Conservatorium, Amsterdam.<\/li><\/ul>\n\n\n\n<p>P\u00e9rez Curstodio, Diana (M\u00fasica) \/Sede\u00f1o, Ana (Video)<\/p>\n\n\n\n<ul class=\"wp-block-list\"><li><em>Si me juzgan las\n     cortes de amor<\/em> (2013). Para flauta Paetzold Contrabajo en Fa, electr\u00f3nica y\n     video. Estreno en el Laboratorio Arte Alameda, M\u00e9xico D.F.<\/li><\/ul>\n\n\n\n<figure class=\"wp-block-embed-youtube wp-block-embed is-type-video is-provider-youtube wp-embed-aspect-16-9 wp-has-aspect-ratio\"><div class=\"wp-block-embed__wrapper\">\n<iframe loading=\"lazy\" title=\"SI ME JUZGAN LAS CORTES DE AMOR (Mala cans\u00f3)\" width=\"780\" height=\"439\" src=\"https:\/\/www.youtube.com\/embed\/mKR8JOe1K10?feature=oembed\" frameborder=\"0\" allow=\"accelerometer; autoplay; encrypted-media; gyroscope; picture-in-picture\" allowfullscreen><\/iframe>\n<\/div><\/figure>\n\n\n\n<p>Torres, Jes\u00fas<\/p>\n\n\n\n<ul class=\"wp-block-list\"><li><em>\u00c1nima<\/em> (1999). Para\n     Flauta de pico contralto. Estreno en el 33 Festival Internacional\n     Cervantino de Guanajuato M\u00e9xico.<\/li><\/ul>\n\n\n\n<p>Paredes, Hilda<\/p>\n\n\n\n<ul class=\"wp-block-list\"><li><em>Tlapitzalli 3 <\/em>(1988) Para Trio\n     de flautas de pico. Tr\u00edo Subtilior. Estreno en Casa Elizalde, Barcelona.<\/li><\/ul>\n\n\n\n<p>Rasgado, V\u00edctor<\/p>\n\n\n\n<ul class=\"wp-block-list\"><li><em>Click <\/em>(1999). Para\n     flauta de pico sola. Dedicada a Anna Margules. Estreno en Casa de Am\u00e9rica,\n     Madrid<\/li><li><em>Arcana <\/em>(1992) de Victor\n     Rasgado, dedicada a Anna Margules y Janne Eriksson . Anna Margules y Janne\n     Eriksson: Flautas de pico. Estreno en el Sweelinck Conservatorium,\n     Amsterdam.<\/li><\/ul>\n\n\n\n<p>Reyes, Maureen<\/p>\n\n\n\n<ul class=\"wp-block-list\"><li><em>Vientos del Sur<\/em> (2012), para\n     flauta&nbsp;Paetzold Constrabajo en Fa, electr\u00f3nica. Estreno en el Ciclo\n     de Solistas de la Fundaci\u00f3n BBVA, Madrid<\/li><\/ul>\n\n\n\n<p>Rocha,\nManuel<\/p>\n\n\n\n<ul class=\"wp-block-list\"><li><em>Trama de tramas<\/em> (2018), para\n     flautas de pico y electr\u00f3nica. Estreno en el XV Bernaola Festival 2018,\n     Vitoria<\/li><\/ul>\n\n\n\n<figure class=\"wp-block-embed-spotify wp-block-embed is-type-rich is-provider-spotify wp-embed-aspect-9-16 wp-has-aspect-ratio\"><div class=\"wp-block-embed__wrapper\">\n<iframe loading=\"lazy\" title=\"Spotify Embed: Trama de Tramas\" width=\"300\" height=\"380\" allowtransparency=\"true\" frameborder=\"0\" allow=\"encrypted-media\" src=\"https:\/\/open.spotify.com\/embed\/album\/1fzLHDYxRgPDhjAB8SSLrQ\"><\/iframe>\n<\/div><\/figure>\n\n\n\n<p>Scarani, Stefano<\/p>\n\n\n\n<ul class=\"wp-block-list\"><li><em>Neuma <\/em>(1997). Para Tr\u00edo\n     de flautas de pico. Dedicada a Anna Margules y el Tr\u00edo Subtilior. Estreno\n     en la Casa de Am\u00e9rica de Madrid<\/li><\/ul>\n\n\n\n<p>Z\u00e1rate,\nJos\u00e9<\/p>\n\n\n\n<ul class=\"wp-block-list\"><li><em>Tres Piezas<\/em><em>&nbsp;<\/em>(1998-99) para flauta de pico. Estreno, Guanajuato (M\u00e9xico) Sal\u00f3n\n     del H. Consejo Universitario, Festival Internacional Cervantino. 22 de octubre de\n     2005<\/li><\/ul>\n\n\n\n<p>Zavala, Mercedes<\/p>\n\n\n\n<ul class=\"wp-block-list\"><li><em>Estudio para Alto\n     Flute<\/em> (1993). Estreno en el XVI Festival de Mujeres en la M\u00fasica,\n     2016. Getxo.<\/li><\/ul>\n\n\n\n<p><\/p>\n","protected":false},"excerpt":{"rendered":"<p>Arias Bal, Javier La Habitaci\u00f3n Parada (1997). Dedicada a Anna Margules y su memoria. Estreno en las XII Xornadas de M\u00fasica Contempor\u00e1nea de la Universidad Santiago de Compostela, auspiciadas por el Centro Galego de Arte Contempor\u00e1neo. Santiago de Compostela. Baca Lobera, Ignacio Memento (2003). Para Flauta de pico y electr\u00f3nica. Estreno en el Teatro de <a class=\"more-link\" href=\"http:\/\/annamargules.com\/en\/premieres\/\">Read More &#8230;<\/a><\/p>\n","protected":false},"author":1,"featured_media":0,"parent":0,"menu_order":0,"comment_status":"closed","ping_status":"closed","template":"","meta":{"footnotes":""},"class_list":["post-97","page","type-page","status-publish","hentry"],"_links":{"self":[{"href":"http:\/\/annamargules.com\/en\/wp-json\/wp\/v2\/pages\/97","targetHints":{"allow":["GET"]}}],"collection":[{"href":"http:\/\/annamargules.com\/en\/wp-json\/wp\/v2\/pages"}],"about":[{"href":"http:\/\/annamargules.com\/en\/wp-json\/wp\/v2\/types\/page"}],"author":[{"embeddable":true,"href":"http:\/\/annamargules.com\/en\/wp-json\/wp\/v2\/users\/1"}],"replies":[{"embeddable":true,"href":"http:\/\/annamargules.com\/en\/wp-json\/wp\/v2\/comments?post=97"}],"version-history":[{"count":4,"href":"http:\/\/annamargules.com\/en\/wp-json\/wp\/v2\/pages\/97\/revisions"}],"predecessor-version":[{"id":290,"href":"http:\/\/annamargules.com\/en\/wp-json\/wp\/v2\/pages\/97\/revisions\/290"}],"wp:attachment":[{"href":"http:\/\/annamargules.com\/en\/wp-json\/wp\/v2\/media?parent=97"}],"curies":[{"name":"wp","href":"https:\/\/api.w.org\/{rel}","templated":true}]}}