{"id":65,"date":"2015-05-12T18:13:09","date_gmt":"2015-05-12T18:13:09","guid":{"rendered":"http:\/\/annamargules.com\/wordpress\/?page_id=65"},"modified":"2021-09-06T19:25:38","modified_gmt":"2021-09-06T19:25:38","slug":"projects","status":"publish","type":"page","link":"http:\/\/annamargules.com\/en\/projects\/","title":{"rendered":"Projects"},"content":{"rendered":"\n<h2 class=\"wp-block-heading\">&nbsp;<\/h2>\n\n\n\n<p><\/p>\n\n\n\n<div class=\"wp-block-group\"><div class=\"wp-block-group__inner-container is-layout-flow wp-block-group-is-layout-flow\">\n<div class=\"wp-block-group\"><div class=\"wp-block-group__inner-container is-layout-flow wp-block-group-is-layout-flow\">\n<figure class=\"wp-block-table is-style-regular\"><table><tbody><tr><td> <h2 style=\"text-align: center;\"><span style=\"color: #00ff00;\">Coming soon<\/span><\/h2> <p><strong>11\/28\/2021<\/strong>, <\/p>18:30<br><p>&#8220;<strong>Ad maiorem dei gloriam<\/strong>&#8220;, musical journey through the life of Saint Ignatius of Loyola.<\/p> <p>Ensemble Tetraphilla: Jorge Apodaca, Vanesa Garc\u00eda, C\u00e9sar Polo, Elena Ruiz: voices. Ander Teller\u00eda: Mesotonic accordion, Anna Margules: Recorders.<\/p> <p>\u201cXXXVI BARROKO AIR. Days of baroque music &#8220;<\/p> <p>Ordizia Parish, Spain<\/p> <p><strong>11\/27\/2021<\/strong><\/p> <p><strong>Hortus Conclusus<\/strong><\/p><br><p>In hora sexta (voices) and Intratempo Trio (Daniel Bernaza, Trudy Grimbergen, Anna Margules: Recorders)<\/p><br><p>G\u00f3ngoras Church, Madrid. Spain<\/p>    <p><strong>09\/18\/2021<\/strong>, 20:00<\/p> <img loading=\"lazy\" decoding=\"async\" width=\"150\" height=\"96\" class=\"wp-image-401\" style=\"width: 150px;\" src=\"http:\/\/annamargules.com\/wordpress\/wp-content\/uploads\/2021\/09\/cancelled.png\" alt=\"\"><p>&#8220;<strong>Aires of memory<\/strong>&#8220;. Contemporary Mexican music for solo recorders and with electronicsWorks by Arturo Fuentes, Alejandra Hern\u00e1ndez, Mario Lavista, Gabriela Ortiz, Manuel Rocha<\/p> <p>OJAI MUSIC FESTIVAL, USA<\/p> <p>https:\/\/www.ojaifestival.org\/2021-festival-schedule\/<\/p><br><p><a href=\"https:\/\/www.ojaifestival.org\/the-2021-festival-schedule-announcement\/\">https:\/\/www.ojaifestival.org\/the-2021-festival-schedule-announcement\/<\/a><\/p><br><strong>09\/11\/2021<\/strong><br><br><strong>Mexican electroacoustic music and recorder<\/strong> <br><br>Music by Sergio Luque, Alejandra Hern\u00e1ndez, Gabriela Ortiz, Manuel Rocha, Arturo Fuentes and the Premiere in Madrid of Iv\u00e1n Ferrer&#8217;s work \u00abDe c\u00f3mo a la memoria se han juntar los suspiros\u00bb <strong>2021 ICMA Award<\/strong>. <br><br>Anna Margules: Recorders, Iv\u00e1n Ferrer: electroacoustic and live electronics, Juan Antonio Lle\u00f3: coordinator Madrid International Ibero-American Music Festival (FIMIM) in collaboration with Unesco<br><br>Casa de Valencia in Madrid<br><h1 style=\"text-align: center;\"><span style=\"color: #ff0000;\">\u00a0&#x2660;<\/span><\/h1><h2 style=\"text-align: center;\"><span style=\"color: #0000ff;\">Past<br><\/span><\/h2> <strong>09\/04\/2021<\/strong><br><br>&#8220;<strong>Ad maiorem dei gloriam<\/strong>&#8220;, musical journey through the life of Saint Ignatius of Loyola.<br>Tetraphilla Ensemble: Jorge Apodaca, Vanesa Garc\u00eda, C\u00e9sar Polo, Elena Ruiz: voices. Ander Teller\u00eda: Mesotonic accordion, Anna Margules: Recorders.<br>Cycle of La Antigua in the Hermitage of La Antigua in Zumarraga<br><br><strong>08\/19\/2021<\/strong><br><br>&#8220;<strong>Ad maiorem dei gloriam<\/strong>&#8220;, musical journey through the life of Saint Ignatius of Loyola.<br>Tetraphilla Ensemble: Jorge Apodaca, Vanesa Garc\u00eda, C\u00e9sar Polo, Elena Ruiz: voices. Ander Teller\u00eda: Mesotonic accordion, Anna Margules: Recorders.<br>Loyola Monastery<br><br><strong>07\/03\/2021, 19:30<\/strong><br><br><strong>The wind will not take the words<\/strong>, Concert for recorders, voice, electronics and a single performer<br>Anna Margules: Recorders, voice<br>Works by Gabriela Ortiz, Marisa Manchado, Carolina Cerezo, Maureen Reyes, Alejandra Hern\u00e1ndez, Diana P\u00e9rez Custodio, Mercedes Zavala<br>VIII International Course \/ Festival Ex corde, Church of San Francisco, Molina de Arag\u00f3n<a href=\"https:\/\/www.cursoexcorde.com\/newpage\">https:\/\/www.cursoexcorde.com\/newpage<\/a><br><br><p><strong>05\/29\/2021<\/strong>, 18:30<\/p> <p>&#8220;<strong>Ad maiorem dei gloriam<\/strong>&#8220;, musical journey through the life of Saint Ignatius of Loyola.Tetraphilla Ensemble: Jorge Apodaca, Vanesa Garc\u00eda, C\u00e9sar Polo, Elena Ruiz: voices. Ander Teller\u00eda: Mesotonic accordion, Anna Margules: Recorders.<\/p><br><p>Musikaldia, Azcoitia. Spain<\/p><br><br><strong>11\/12\/2020<\/strong><br><strong>&#8220;No time limits&#8221;<\/strong><br>Tetraphilla Ensemble: Jorge Apodaca, Vanesa Garc\u00eda, C\u00e9sar Polo, Elena Ruiz: voices. Ander Teller\u00eda: Meantone Accordion, Anna Margules: recorders.<br><br>Sala Galve Auditorio de Zaragoza<br><br><strong>10\/12\/2020<\/strong><br><br>Concierto Presentaci\u00f3n del CD <strong>HOROS<\/strong><br>Ander Teller\u00eda: Acorde\u00f3n mesot\u00f3nico, Anna Margules: Flautas de pico, Ensemble vocal Tetraphilla.<br>Etop\u00eda, Zaragoza <p><strong>17\/08\/2020<\/strong><\/p> <p>Concierto Presentaci\u00f3n del CD <strong>HOROS<\/strong><br>Quincena Musical de San Sebasti\u00e1n 2020<br>Ander Teller\u00eda: Acorde\u00f3n mesot\u00f3nico, Anna Margules: Flautas de pico, Ensamble vocal Tetraphilla.<br>Iglesia de San Salvador, Guetaria<\/p> <p><strong>05\/ 07\/ 2020<\/strong><\/p> <p><strong>Hortus Conclusus<\/strong><br>XIV Festival de M\u00fasica al Atardecer<br>In Hora Sexta y Tr\u00edo Intratempo (Daniel Bernaza, Trudy Grimbergen, Anna Margules: Flautas de pico)<br>Patio de Carruajes, Real Monasterio de San Lorenzo del Escorial<\/p> <p><strong>09\/07\/2020<\/strong><\/p> <p><strong>Palabras e Invocaciones<\/strong><br>Anna Margules: Flautas de pico<br>#HOY COMPOSITORAS, SGAE<br>Sala Berlanga, Madrid<\/p><a href=\"https:\/\/youtu.be\/u9mcZRcW8hE\">https:\/\/youtu.be\/u9mcZRcW8hE<\/a><br> <p><strong>27\/02\/2020<\/strong><\/p> <p><strong>El primer requiem Alem\u00e1n<\/strong><br>FIAS 2020 Concierto<br>Junto con Concentus K\u00f6nig Iglesia de San Jer\u00f3nimo del Real, Madrid<\/p> <p><strong>27\/01\/2019<\/strong><\/p> <p><strong>S\u00f3lo una Voz<\/strong> para flauta de pico solo.<br>Anna Margules: Flautas de pico<br>Ciclo Soledades<br>Iglesia Evang\u00e9lica Alemana de Madrid<\/p> <p><strong>21\/12\/2019<\/strong><\/p> <p>Concierto de flautas <strong>De c\u00f3mo Orfeo enga\u00f1\u00f3 con m\u00fasica las tres cabezas de Cerbero<\/strong>.<br>Anna Margules, Daniel Bernaza y Ernesto Schmiedt: Flautas de pico.<br>Espacio Ronda, Madrid<\/p> <p><strong>22\/11\/2019<\/strong><\/p> <p><strong>Con Aire<\/strong><\/p> <p>Anna Margules: Flautas de pico, Ander Teller\u00eda: Acorde\u00f3n mesot\u00f3nico. Concierto en torno a la \u00a0\u201cVenus\u201d del pintor Tiziano, pr\u00e9stamo realizado por el Museo del Prado al Museo de Teruel<\/p> <p><strong>27\/11\/2020 <\/strong><\/p> <p><strong>Festival Pl\u00e9yades<\/strong> (Festival de mujeres artistas, m\u00fasica, danza y artes visuales). Teatro Galileo, Madrid<\/p> <p><strong>18\/10\/2019, 19h<\/strong><\/p> <h3><span class=\"txtBiBluBig\">\u00a0<\/span><\/h3> <p><strong>18\/10\/2019, 19h<\/strong><\/p> <p>CIRCULAR 2019, I Encuentro de teatro iberoamericano en Madrid presenta:<\/p> <p><strong>Algunas historias<\/strong><br>Laura Almela, actriz (M\u00e9xico)<br>Anna Margules, m\u00fasica (Flautas de pico) (M\u00e9xico-Espa\u00f1a)<\/p> <p>Textos de Juan Jos\u00e9 Arreola, Truman Capote, Saki<br>Casa de Am\u00e9rica: Anfiteatro Gabriela Mistral, Madrid<br>Entrada libre hasta completar aforo<\/p> <p><strong>11-14\/10\/2019<\/strong><\/p> <p><strong>37<sup>th<\/sup> General Assembly of International Confederation of Electroacoustic Music:<\/strong> <strong>Acousmonium Krakow <\/strong><\/p> <p>Participaci\u00f3n\u00a0 de AARSOM (Manuel Rocha y Anna Margules): interpretaci\u00f3n de T<em>rama de tramas,<\/em> para flautas de pico y electr\u00f3nica de Manuel Rocha<\/p> <p><strong>16\/11\/2018<\/strong><\/p> <p><strong>De profundis.<\/strong><br>Musica contempor\u00e1nea para flauta de pico solo y con electr\u00f3nica y video<br>Anna Margules, Flautas de pico<br>Obras de Isan Yun, Franco Romitelli, Gabriela Ortiz, Diana P\u00e9rez Custodio\/Ana Sede\u00f1o, y los estrenos absolutos de Ivan Ferrer y Manuel Rocha.<br>XV Bernaola Festival, Vitoria. Museo Artium.<br><strong><a href=\"https:\/\/www.elcompositorhabla.com\/es\/noticias.zhtm?arg_id=1289\">https:\/\/www.elcompositorhabla.com\/es\/noticias.zhtm?arg_id=1289<\/a><\/strong><\/p> <p><strong>\u00a0<\/strong><\/p> <p><strong>20 y 22\/03\/2018<\/strong><br><strong>Sones Espirituales <\/strong><br>Ciclo \u2018M\u00fasica sacra para acompa\u00f1ar la Semana Santa\u2019 del Ayuntamiento de Madrid<br>Obras de Giovanni Paolo Cima, Antonio de Cabez\u00f3n, Bartolomeo de Selma y Salaverde, Mario Lavista, J.S. Bach y Tomaso Albinoni.<br><strong>Tr\u00edo Sagittarius: <\/strong>Anna Margules: Flauta de picoCalia Alvarez: Viola da Gamba, Laura Puerto: \u00f3rgano positivo<br>Parroquia del Santo Cristo del Olivar, Madrid<br><a href=\"https:\/\/gacetinmadrid.com\/2018\/03\/22\/el-trio-sagittarius-ofrecera-este-jueves-un-concierto-en-centro-dentro-del-ciclo-musica-sacra-para-acompanar-la-semana-santa\/\">https:\/\/gacetinmadrid.com\/2018\/03\/22\/el-trio-sagittarius-ofrecera-este-jueves-un-concierto-en-centro-dentro-del-ciclo-musica-sacra-para-acompanar-la-semana-santa\/<\/a><br><a href=\"https:\/\/www.esmadrid.com\/sites\/default\/files\/programa_oficial_semana_santa_madrid_2018.pdf\">https:\/\/www.esmadrid.com\/sites\/default\/files\/programa_oficial_semana_santa_madrid_2018.pdf<\/a><\/p> <p><strong>16\/02\/2018, 19:30<\/strong><\/p> <p><strong>Concierto. El laboratorio del espacio 2018<\/strong><br>IV Congreso Espacios Sonoros y Audiovisuales 2018 y JIEM 2018 &#8211; 22\u00aa Jornada de Inform\u00e1tica y Electr\u00f3nica Musical \/ Creaci\u00f3n y conocimiento en arte y ciencia: de lo individual a lo colectivo<br><strong>Auditorio 400 Museo Nacional Centro de Arte Reina Sof\u00eda<\/strong><br>Anna Margules (flautas de pico) y Jes\u00fas Mozo-Colmenero (acorde\u00f3n). Laboratorio de Inform\u00e1tica y Electr\u00f3nica Musical (LIEM-CTE), (difusi\u00f3n de sonido)<br>Programa: Roc\u00edo Cano Vali\u00f1o. T<em>\u00e2ches <\/em>&#8211; Panayiotis Kokoras. <em>Jet <\/em><br>Mario Mary. <em>Belgium Snob<\/em> &#8211; Jo\u00e3o Pedro Oliveira. <em>L\u2019accord\u00e9on du Diable <\/em>&#8211; Diana P\u00e9rez Custodio. <em>Si me juzgan las cortes de amor <\/em>&#8211; Francis Dhomont. <em>Vol d\u2019arondes<\/em><\/p> <p><strong>24\/10\/2017, 20:00<\/strong><br><strong>La Ciudad Ascendente Vertical y M\u00edtica<\/strong><br>Junto con el<strong> Ensemble E72 <\/strong><br><strong>Cuarto Festival Internacional de Experimentaci\u00f3n Musical After Cage. <\/strong><br>Obras de Arturo Fuentes, Gy\u00f6rgy Kurt\u00e1g, Javier Torres Maldonado y los estrenos de las composiciones de Alberto Bernal y Guillermo Cobo Garc\u00eda.<br>Teatro Gayarre, Pamplona<br><a href=\"http:\/\/www.teatrogayarre.com\/portal\/agendaEvento.aspx?id=1327\">http:\/\/www.teatrogayarre.com\/portal\/agendaEvento.aspx?id=1327<\/a><\/p> <p><strong>20\/10\/2017, 20:30<\/strong><br><strong>El esp\u00edritu de Nicanor Zabaleta<\/strong><br>Junto a <strong>Isabelle Perrin, Baltazar Ju\u00e1rez<\/strong> (Arpa) y la<strong> Camerata Antonio Soler<\/strong>. Gustavo S\u00e1nchez: Director<br><strong>Festival de Arpa Tierra 47<\/strong><br>Auditorio 400, Edificio Nouvel. Museo Reina Sof\u00eda Madrid.<br><a href=\"http:\/\/tierra47.com\/programa-2\/el-espiritu-de-nicanor-zabaleta\/\">http:\/\/tierra47.com\/programa-2\/el-espiritu-de-nicanor-zabaleta\/<\/a><\/p> <p><strong>\u00a023\/09\/2017, 18:00<\/strong><br><strong>Pedro Sousa Silva<\/strong> y <strong>Versus<\/strong> (Anna Margules y Carolina V. Pimpinela)<br><strong>En concierto<\/strong><br>Obras de Van Eyck, Hotteterre, Corelli, Lavista, De Goes<br>Auditorio Eduardo del Pueyo. Zaragoza<\/p> <p><strong>\u00a009\/06\/2017, 20:30<\/strong><br><strong>Concierto Barroco en primavera<\/strong><br><strong>Tr\u00edo Sagittarius<\/strong>: Anna Margules, Flautas de Pico. Calia \u00c1lvarez, Viola da Gamba.<br>Laura Puerto, Clave.<br>Obras de Castello, Correa de Arauxo, Selma y Salaverde, Gabriela Ortiz, M. Marais,C. Dieupart, G.P. Telemann<br>Parroquia Santo Cristo del Olivar. Madrid<\/p> <p><strong>\u00a004\/05\/2017, 19:30<\/strong><br><strong>M\u00fasica del Renacimiento para Flautas de pico<\/strong><br><strong>Consort CSMA Arag\u00f3n<\/strong>. Direcci\u00f3n: Anna Margules<br><strong>Ciclo de M\u00fasica de C\u00e1mara<\/strong><br>Sala CAI Luz\u00e1n, Zaragoza<\/p> <p><strong>\u00a023 \/07\/2016, 20:00<br>Vs: dos flautas de pico, una batalla<\/strong><br><strong>VERSUS <\/strong>Anna Margules y Carolina Vicente Pimpinela : Flautas de Pico<br>Obras de Georg Philipp Telemann, Jacques Martin Hotteterre, Mario Lavista, Makoto Shinohara, Diana P\u00e9rez Custodio, Thomas Morley<br><strong>ENCALVES 2016<\/strong>: ciclo de m\u00fasica y patrimonio<br>Monasterio de Santa Mar\u00eda de la Gloria<br>Casbas, Huesca<strong><br><\/strong><\/p> <p><strong>\u00a030 \/05\/2016, 19:00<br><\/strong>Dramatizaci\u00f3n: <strong>Hacer que hacemos<\/strong> de Tom\u00e1s de Iriarte (1750-1791)<br>Compa\u00f1\u00eda Nacional de Teatro Cl\u00e1sico<br>Reparto:<br>Don Gil:\u00a0<strong>Paco Rojas<\/strong>, Don Pablo:\u00a0<strong>Jorge Mach\u00edn<\/strong>, Do\u00f1a Elvira:\u00a0<strong>Luc\u00eda Barrado<\/strong>, Don Henrique:<strong>\u00a0Fernando Romo<\/strong>, Don Miguel:\u00a0<strong>Jos\u00e9 Luis Pati\u00f1o<\/strong>, Do\u00f1a Vicenta:\u00a0<strong>Mamen Camacho<\/strong><br>Mateo:\u00a0<strong>\u00d3scar de la Fuente<\/strong><br>Flauta de pico \/ Notario 1:\u00a0<strong>Anna Margules<\/strong>, Viola de Gamba \/ Notario 2:\u00a0<strong>Calia \u00c1lvarez<\/strong><br>Equipo art\u00edstico:<br>Ayudante de direcci\u00f3n:\u00a0<strong>Romina R. Medina<\/strong>, Ambientaci\u00f3n:\u00a0<strong>Silvia de Marta<\/strong>,<br>Iluminaci\u00f3n:\u00a0<strong>Pedro Yag\u00fce<\/strong><br>Versi\u00f3n y direcci\u00f3n:\u00a0<strong>Aitana Gal\u00e1n<\/strong><br><strong>Teatro de la Comedia, Madrid<\/strong><\/p> <p><strong>\u00a0 08 \/05\/2016, 19:00<br>AIRES Y LAMENTOS: M\u00fasica contempor\u00e1nea de mujeres<\/strong><br>Para Flautas de Pico,\u00a0 Electr\u00f3nica y Video<br>Obras de Alejandra Hern\u00e1ndez, Marisa Manchado, Gabriela Ortiz, Diana P\u00e9rez Custodio, Maureen Reyes, Mercedes Zavala<br>Anna Margules: Flautas de Pico<br>Escuela de M\u00fasica Andr\u00e9s Isasi (Las Arenas) Getxo<br>XVI Festival de Getxo<\/p> <p><strong>\u00a0 06\/04\/ 2016, 13:00<br>RE-SONANCIAS: Latidos de la Memoria en Aires del Presente<br><\/strong>Para Flautas de Pico, Electr\u00f3nica y V\u00eddeo<strong><br><\/strong>Obras de Alejandra Hern\u00e1ndez, Adolfo N\u00fa\u00f1ez,Gabriela Ortiz, Diana P\u00e9rez Custodio,V\u00edctor Varela e Isang Yun<br>Anna Margules: Flautas de Pico<br>Adolfo N\u00fa\u00f1ez: Audio<br>Facultad de Formaci\u00f3n de Profesorado y Educaci\u00f3n,<br>Sal\u00f3n de Actos<br>XXII Ciclo de conciertos M\u00fasica en la Aut\u00f3noma<br>Vicerrectorado de extensi\u00f3n universitaria<br>Enero \/mayo 2016<\/p> <p><strong>\u00a0 02 al 05 \/02\/2016<br><\/strong>Burdeos: Th\u00e9\u00e2tre national de Bordeaux en Aquitaine<br><strong><em>La vida es Sue\u00f1o<\/em><\/strong><br>Compa\u00f1\u00eda Nacional de Teatro Cl\u00e1sico<br>Direcci\u00f3n: Helena Pimenta<\/p> <p><strong>\u00a0 27 &#8211; 28\/11\/ 2015<\/strong><br>Hochschule f\u00fcr Musik und Darstellende Kunst Franckfurt am Main<br><strong>Master Class<\/strong> de Flauta de pico ibeoroamericana contempor\u00e1nea<\/p> <p><strong>\u00a028 \/11\/ 2015 , 19:30h<\/strong><br>Hochschule f\u00fcr Musik und Darstellende Kunst Franckfurt am Main<br>Kleiner Saal, 19;30<br><strong>\u00bfDe qu\u00e9 lado\u2026?\u00a0 M\u00fasica de nuestro tiempo y de ambos lado del Atl\u00e1ntico<\/strong><br>Obras de Javier Arias \u2013Bal, Jes\u00fas Torres, Ignacio Baca Lobera, Alejandra Hernandez, Gabriela Ortiz, y Karlheinz Stockhausen<br>Anna Margules Flautas de Pico<br>Con la colaboraci\u00f3n de Michael Schneider, Kersitn Fahr: Flautas de pico y Christoph Shulte: Audio<\/p> <div>\u00a0<\/div> <p><strong>\u00a0 27\/09\/2015<\/strong><br>Teatro S\u00e1 e Costa, Oporto Portugal<br><strong>\u201cRe-Sonancias\u201d &#8211; Latidos de la memoria en aires del presente <a name=\"_ftnref1\" href=\"#_ftn1\">[1]<br><\/a><\/strong>Anna Margules: Flautas de pico, direcci\u00f3n art\u00edstica<br>Cl\u00e1udia Marisa de Oliveira: Dise\u00f1o de Movimiento<br>Jos\u00e9 Prata: Audio<br>Rui Damas: Dise\u00f1o de Luz<br>[1] Concierto parte pr\u00e1ctica del examen de fin de Master de Interpretaci\u00f3n art\u00edstica \/ M\u00fasica Antigua: Flauta de pico.<strong><a name=\"_ftnref1\" href=\"#_ftn1\"><\/a><\/strong><\/p>  <p><span class=\"txtBio\"><strong>\u00a002-12\/07\/2015<\/strong><\/span><br><span class=\"txtBio\">Festival de Teatro Cl\u00e1sico de Almagro<\/span><br><strong>Enrique VIII y la Cisma de Inglaterra <\/strong>de Calder\u00f3n de la Barca<br>Version: Jose Gabriel L\u00f3pez Antu\u00f1ano<br>Stage director: Ignacio Garc\u00eda<br>Compa\u00f1\u00eda Nacional de Teatro Cl\u00e1sico<br>Anna Margules or Trudy Grimbergen: FRecorders<br>Calia \u00c1lvarez: Viola da Gamba<\/p> <p><span class=\"txtBio\"><strong>28\/05\/2015<\/strong><\/span><br><span class=\"txtBio\">Cercedilla<\/span><br>Recording: <em>It&#8217;s all mirrors and magnets<\/em> de Sergio Luque, made by Juan Carlos Blancas<\/p> <p><span class=\"txtBio\"><strong>\u00a009\/05\/2015: <\/strong><\/span>18:00h<br>Madrid: Espacio Ronda<br><strong>Amores de viento\/Desamores de aire<\/strong><br>Recorder, electronics and video<br>Works by Machaut, Van Eyck, Diana P\u00e9rez Custodio, Sergio Luque, Gabriela Ortiz, Alejandra Hern\u00e1ndez<br>Aeterna Musica: <em>A\u00f1os de Peregrinaje<\/em><br><span class=\"txtBio\">Anna Margules: recorders<\/span><\/p> <p><span class=\"txtBio\"><strong>\u00a027\/02 al 27\/04\/2015<\/strong><\/span><br><span class=\"txtBio\">Teatro Pav\u00f3n de Madrid <\/span><br><strong>Enrique VIII y la Cisma de Inglaterra,<\/strong> Calder\u00f3n de la Barca<br>Versi\u00f3n: Jose Gabriel L\u00f3pez Anti\u00f1ano<br>Stage director: Ignacio Garc\u00eda<br>Compa\u00f1\u00eda Nacional de Teatro Cl\u00e1sico<br>Anna Margules o Trudy Grimbergen: Recorders<br>Calia \u00c1lvarez: Viola da Gamba<\/p> <p><span class=\"txtBio\"><strong>\u00a021\/01\/2015: <\/strong><\/span>20:00<br>Valencia: Capella de la Sapi\u00e8ncia La Nau. C\/Universitat,2<br><strong>Casi una voz<\/strong><br>Recorder recital<br><span class=\"txtBio\">Anna Margules: Recorders<\/span><\/p> <p><strong>\u00a0 23\/08\/2014<\/strong>: 12:00h<br>M\u00e9xico D.F., Museo Nacional de Arte (Munal)<br><strong>M\u00fasicas de Soledad en Compa\u00f1\u00eda<\/strong><br>&#8220;<strong>Las Trobairitz<\/strong>&#8220;<br>Anna Margules y M\u00f3nica L\u00f3pez Lau, recorders<br>Works by Hotteterre, Landini, G. Ort\u00edz, Meier, Da Bologna, M. L\u00f3pez Lau, Stockhausen and Telemann<\/p> <div><span style=\"color: #000000;\"><strong><a style=\"color: #000000;\" rel=\"async\" href=\"https:\/\/www.facebook.com\/events\/calendar\/2013\/August\/19\">\u00a019\/08\/2013<\/a><\/strong><\/span><\/div> <div>Quer\u00e9taro: Real Colegio de Santa Rosa de Viterbo<\/div> <div><strong>Guillaume de Machaut: la m\u00fasica nueva del siglo XIV<\/strong><\/div> <div>Master Class: Anna Margules<\/div> <div>\u00a0<\/div> <div><strong>10\/11\/2013<\/strong><\/div> <div>Madrid, DT Espacio Esc\u00e9nico<\/div> <div><strong>M\u00fasicas de Soledad en Compa\u00f1\u00eda<\/strong><br>&#8220;<strong>Las Trobairitz<\/strong>&#8220;<\/div> <div>Anna Margules y M\u00f3nica L\u00f3pez Lau, recorders<\/div> <div>Works by Landini, Hotteterre, Telemann and the premieres:\u00a0 Javier Jacinto: <em>Beyong the Ocean<\/em> by M\u00f3nica L\u00f3pez Lau and Diana P\u00e9rez Custodio: <em>Si me juzgan las cortes de amor<\/em> by Anna Margules<span style=\"font-size: large;\"><br><\/span><\/div> <div>\u00a0<\/div> <p><span class=\"txtBioBlu\"><strong>\u00a021 &#8211; 23\/\u00a006\/2013<\/strong><\/span><strong><br><\/strong><span class=\"txtBio\"> Oporto: Escuela Superior de M\u00fasica, Artes e Espect\u00e1culo (ESMAE)<br><strong>Clases Magistrales<\/strong><br>Anna Margules: Recorders<\/span><br><strong><span class=\"txtBioBlu\">09\/02\/2013 12:30h<br><\/span><\/strong><span class=\"txtBioBlu\">Sevilla: Espacio Rompemoldes<br><strong>&#8220;La Recisunda&#8221;<\/strong><br>Anna Margules: Recorders, Juan Carlos de Mulder: baroque guitar,<br>Calia \u00c1lvarez: Viola da gamba, Daniel Garay: Historical Percussion<br>Works by Telemann, \u00c1lvarez, Lavista, Cima, among others<\/span><\/p> <p><strong><img loading=\"lazy\" decoding=\"async\" width=\"10\" height=\"3\" src=\"http:\/\/www.annamargules.com\/Grafica\/signBlu8.gif\" alt=\".\"><img loading=\"lazy\" decoding=\"async\" width=\"10\" height=\"8\" src=\"http:\/\/www.annamargules.com\/Grafica\/pixelT.gif\" alt=\".\"><span class=\"txtBioBlu\">2012-2013<\/span><br><\/strong><span class=\"txtBio\"><em><img loading=\"lazy\" decoding=\"async\" width=\"20\" height=\"8\" src=\"http:\/\/www.annamargules.com\/Grafica\/pixelT.gif\" alt=\".\"><\/em><strong>&#8220;La Vida Es Sue\u00f1o&#8221; de Calder\u00f3n de la Barca<\/strong><br><em><img loading=\"lazy\" decoding=\"async\" width=\"20\" height=\"8\" src=\"http:\/\/www.annamargules.com\/Grafica\/pixelT.gif\" alt=\".\"><\/em>Version Juan Mayorga<br><em><img loading=\"lazy\" decoding=\"async\" width=\"20\" height=\"8\" src=\"http:\/\/www.annamargules.com\/Grafica\/pixelT.gif\" alt=\".\"><\/em>Directed by Helena Pimenta<br><em><img loading=\"lazy\" decoding=\"async\" width=\"20\" height=\"8\" src=\"http:\/\/www.annamargules.com\/Grafica\/pixelT.gif\" alt=\".\"><\/em>Classical Theathre Festival of Almargo 2012<br><em><img loading=\"lazy\" decoding=\"async\" width=\"20\" height=\"8\" src=\"http:\/\/www.annamargules.com\/Grafica\/pixelT.gif\" alt=\".\"><\/em>Season: Teatro Pav\u00f3n de Madrid: September to December 2012<br><em><img loading=\"lazy\" decoding=\"async\" width=\"20\" height=\"8\" src=\"http:\/\/www.annamargules.com\/Grafica\/pixelT.gif\" alt=\".\"><\/em>International tour: January to May 2013<\/span><\/p> <p><strong><img loading=\"lazy\" decoding=\"async\" width=\"10\" height=\"3\" src=\"http:\/\/www.annamargules.com\/Grafica\/signBlu8.gif\" alt=\".\"><img loading=\"lazy\" decoding=\"async\" width=\"10\" height=\"8\" src=\"http:\/\/www.annamargules.com\/Grafica\/pixelT.gif\" alt=\".\"><span class=\"txtBioBlu\">06\/10\/2012<br><\/span><em><img loading=\"lazy\" decoding=\"async\" width=\"20\" height=\"8\" src=\"http:\/\/www.annamargules.com\/Grafica\/pixelT.gif\" alt=\".\"><\/em><\/strong><span class=\"txtBio\">Madrid: Centro Cultural Galileo<br><em><img loading=\"lazy\" decoding=\"async\" width=\"20\" height=\"8\" src=\"http:\/\/www.annamargules.com\/Grafica\/pixelT.gif\" alt=\".\"><\/em><strong>12Cage12 Festival Ritmo Vital<\/strong><br><em><img loading=\"lazy\" decoding=\"async\" width=\"20\" height=\"8\" src=\"http:\/\/www.annamargules.com\/Grafica\/pixelT.gif\" alt=\".\"><\/em>Live Art in memory of John Cage<br><em><img loading=\"lazy\" decoding=\"async\" width=\"20\" height=\"8\" src=\"http:\/\/www.annamargules.com\/Grafica\/pixelT.gif\" alt=\".\"><\/em>Anna Margules, Ernesto Schmidt: Recorders<br><em><img loading=\"lazy\" decoding=\"async\" width=\"20\" height=\"8\" src=\"http:\/\/www.annamargules.com\/Grafica\/pixelT.gif\" alt=\".\"><\/em>John Cage, Variations II<\/span><\/p> <p><span class=\"txtBioBlu\"><strong>22\/07\/2012, 20:30h<\/strong><\/span><br><span class=\"txtBio\">Festival de la Ribagorza &#8220;XVI Cl\u00e1sicos en la Frontera&#8221;.<br><strong>&#8220;Contrapuntos&#8221;: Works by Cicconia, Simpson, Merula, Bach, Manalt and Boismortier.<br><\/strong>Spiritus Ligna, recorder quartet<br>Tiam Goudarzi &#8211; Anna Margules &#8211; Sara Par\u00e9s &#8211; Abel Puig<br>Iglesia parroquial,\u00a0 El Grado, Arag\u00f3n<\/span><br><strong><img loading=\"lazy\" decoding=\"async\" width=\"10\" height=\"3\" src=\"http:\/\/www.annamargules.com\/Grafica\/signBlu8.gif\" alt=\".\"><img loading=\"lazy\" decoding=\"async\" width=\"10\" height=\"8\" src=\"http:\/\/www.annamargules.com\/Grafica\/pixelT.gif\" alt=\".\"><\/strong><span class=\"txtBioBlu\"><strong>21\/04\/2012, 19:30 h<\/strong><\/span><br><em><span class=\"txtBio\"><img loading=\"lazy\" decoding=\"async\" width=\"20\" height=\"8\" src=\"http:\/\/www.annamargules.com\/Grafica\/pixelT.gif\" alt=\".\">\u201cRecuerdos de Aire&#8221;<\/span><\/em><span class=\"txtBio\"><br><img loading=\"lazy\" decoding=\"async\" width=\"20\" height=\"8\" src=\"http:\/\/www.annamargules.com\/Grafica\/pixelT.gif\" alt=\".\">Recorders: Anna Margules<br><img loading=\"lazy\" decoding=\"async\" width=\"20\" height=\"8\" src=\"http:\/\/www.annamargules.com\/Grafica\/pixelT.gif\" alt=\".\">Video and Audio: Arturo Fuentes<br><img loading=\"lazy\" decoding=\"async\" width=\"20\" height=\"8\" src=\"http:\/\/www.annamargules.com\/Grafica\/pixelT.gif\" alt=\".\">Works of C. Halffter, M. Reyes, S. Luque, M. Ishii, A. Fuentes, Cipriani.<br><img loading=\"lazy\" decoding=\"async\" width=\"20\" height=\"8\" src=\"http:\/\/www.annamargules.com\/Grafica\/pixelT.gif\" alt=\".\">Fundaci\u00f3n BBVA, Paseo de Recoletos, 10 Madrid <\/span><br><img loading=\"lazy\" decoding=\"async\" width=\"20\" height=\"8\" src=\"http:\/\/www.annamargules.com\/Grafica\/pixelT.gif\" alt=\".\"><a class=\"txtBio\" rel=\"noopener noreferrer\" href=\"http:\/\/youtu.be\/wQI27mRFxz8\" target=\"_blank\">youtube: >><\/a><\/p> <p><span class=\"txtBioBlu\"><strong><img loading=\"lazy\" decoding=\"async\" width=\"10\" height=\"3\" src=\"http:\/\/www.annamargules.com\/Grafica\/signBlu8.gif\" alt=\".\"><img loading=\"lazy\" decoding=\"async\" width=\"10\" height=\"8\" src=\"http:\/\/www.annamargules.com\/Grafica\/pixelT.gif\" alt=\".\">24\/03\/2012\u00a0 21:00h<\/strong><\/span><br><span class=\"txtBio\"><img loading=\"lazy\" decoding=\"async\" width=\"20\" height=\"8\" src=\"http:\/\/www.annamargules.com\/Grafica\/pixelT.gif\" alt=\".\">Performance: Concert\/Ritual Anna Margules: East\/Green\/Spring, Maki Ishii<br><img loading=\"lazy\" decoding=\"async\" width=\"20\" height=\"8\" src=\"http:\/\/www.annamargules.com\/Grafica\/pixelT.gif\" alt=\".\">Creative-Insomnia: Yellow Night<br><img loading=\"lazy\" decoding=\"async\" width=\"20\" height=\"8\" src=\"http:\/\/www.annamargules.com\/Grafica\/pixelT.gif\" alt=\".\">Atelier Meta-Morphic<br><img loading=\"lazy\" decoding=\"async\" width=\"20\" height=\"8\" src=\"http:\/\/www.annamargules.com\/Grafica\/pixelT.gif\" alt=\".\">Desenga\u00f1o 6-6\u00ba \u00e1tico, Madrid<br><img loading=\"lazy\" decoding=\"async\" width=\"20\" height=\"8\" src=\"http:\/\/www.annamargules.com\/Grafica\/pixelT.gif\" alt=\".\"><a rel=\"noopener noreferrer\" href=\"http:\/\/creativeinsomnia.wordpress.com\/creative-insomnia-yellow-night\/creative-insomnia-yellow-night-participantes\/anna-margules-concierto-ritual-con-flauta\/\" target=\"_blank\">http:\/\/creativeinsomnia.wordpress.com\/creative-insomnia-yellow-night\/creative-insomnia-yellow-night-participantes\/anna-margules-concierto-ritual-con-flauta\/<\/a><\/span><\/p> <p><span class=\"txtBioBlu\"><strong><img loading=\"lazy\" decoding=\"async\" width=\"10\" height=\"3\" src=\"http:\/\/www.annamargules.com\/Grafica\/signBlu8.gif\" alt=\".\"><img loading=\"lazy\" decoding=\"async\" width=\"10\" height=\"8\" src=\"http:\/\/www.annamargules.com\/Grafica\/pixelT.gif\" alt=\".\">12\/03\/2012<\/strong><\/span><br><span class=\"txtBio\" lang=\"en\"><img loading=\"lazy\" decoding=\"async\" width=\"20\" height=\"8\" src=\"http:\/\/www.annamargules.com\/Grafica\/pixelT.gif\" alt=\".\"><em>&#8220;Egloga dePlacida y Vitoriano&#8221;<\/em> by Juan del Encina. Staged reading directed by Nacho Garcia.<br><img loading=\"lazy\" decoding=\"async\" width=\"20\" height=\"8\" src=\"http:\/\/www.annamargules.com\/Grafica\/pixelT.gif\" alt=\".\">With Israel Elejalde, Chema de Miguel, M \u00aa Jos\u00e9 Alfonso Camacho etc.<br><img loading=\"lazy\" decoding=\"async\" width=\"20\" height=\"8\" src=\"http:\/\/www.annamargules.com\/Grafica\/pixelT.gif\" alt=\".\">Music: Anna Margules, Juan Carlos de Mulder, Calia Alvarez and Daniel Garay.<br><img loading=\"lazy\" decoding=\"async\" width=\"20\" height=\"8\" src=\"http:\/\/www.annamargules.com\/Grafica\/pixelT.gif\" alt=\".\">National Classical Theatre Company, Teatro Pav\u00f3n. Madrid<\/span><\/p> <p><strong><img loading=\"lazy\" decoding=\"async\" width=\"10\" height=\"3\" src=\"http:\/\/www.annamargules.com\/Grafica\/signBlu8.gif\" alt=\".\"><img loading=\"lazy\" decoding=\"async\" width=\"10\" height=\"8\" src=\"http:\/\/www.annamargules.com\/Grafica\/pixelT.gif\" alt=\".\"><\/strong><span class=\"txtBioBlu\"><strong>21\/01\/2012<\/strong><\/span><br><span class=\"txtBio\"><img loading=\"lazy\" decoding=\"async\" width=\"20\" height=\"8\" src=\"http:\/\/www.annamargules.com\/Grafica\/pixelT.gif\" alt=\".\"><em>\u201cOrange Noise &#8220;<\/em><br><img loading=\"lazy\" decoding=\"async\" width=\"20\" height=\"8\" src=\"http:\/\/www.annamargules.com\/Grafica\/pixelT.gif\" alt=\".\">Creation and performance: Juan Antonio Le\u00f3n, Anna Margules<br><img loading=\"lazy\" decoding=\"async\" width=\"20\" height=\"8\" src=\"http:\/\/www.annamargules.com\/Grafica\/pixelT.gif\" alt=\".\">Creative-Insomnia: Orange Night<br><img loading=\"lazy\" decoding=\"async\" width=\"20\" height=\"8\" src=\"http:\/\/www.annamargules.com\/Grafica\/pixelT.gif\" alt=\".\">Meta-Morphic Atelier<br><strong><img loading=\"lazy\" decoding=\"async\" width=\"20\" height=\"8\" src=\"http:\/\/www.annamargules.com\/Grafica\/pixelT.gif\" alt=\".\"><\/strong>Calle desenga\u00f1o 6-6\u00ba \u00e1tico, Madrid<\/span><\/p> <p><strong><img loading=\"lazy\" decoding=\"async\" width=\"10\" height=\"3\" src=\"http:\/\/www.annamargules.com\/Grafica\/signBlu8.gif\" alt=\".\"><img loading=\"lazy\" decoding=\"async\" width=\"10\" height=\"8\" src=\"http:\/\/www.annamargules.com\/Grafica\/pixelT.gif\" alt=\".\"><\/strong><span class=\"txtBioBlu\"><strong>19\/01\/2012, 19:30 h<\/strong><\/span><br><span class=\"txtBio\"><img loading=\"lazy\" decoding=\"async\" width=\"20\" height=\"8\" src=\"http:\/\/www.annamargules.com\/Grafica\/pixelT.gif\" alt=\".\">Concert tourn\u00e9e : CSMA: Early Music Department<br><img loading=\"lazy\" decoding=\"async\" width=\"20\" height=\"8\" src=\"http:\/\/www.annamargules.com\/Grafica\/pixelT.gif\" alt=\".\">Harpsichord: Jose Luis Gonzalez Uriol (special guest)<br><img loading=\"lazy\" decoding=\"async\" width=\"20\" height=\"8\" src=\"http:\/\/www.annamargules.com\/Grafica\/pixelT.gif\" alt=\".\">Recorder: Anna Margules<br>Harpsichord: Silvia Marquez<br><img loading=\"lazy\" decoding=\"async\" width=\"20\" height=\"8\" src=\"http:\/\/www.annamargules.com\/Grafica\/pixelT.gif\" alt=\".\">Harp: Gloria M \u00aa Mart\u00ednez<br><img loading=\"lazy\" decoding=\"async\" width=\"20\" height=\"8\" src=\"http:\/\/www.annamargules.com\/Grafica\/pixelT.gif\" alt=\".\">Positive Organ: Saskia Roures<br><img loading=\"lazy\" decoding=\"async\" width=\"20\" height=\"8\" src=\"http:\/\/www.annamargules.com\/Grafica\/pixelT.gif\" alt=\".\">Works by Cabezon. Selma and Salaverde, Valente, Falconiero Fern\u00e1ndez de Huete, among other<br><img loading=\"lazy\" decoding=\"async\" width=\"20\" height=\"8\" src=\"http:\/\/www.annamargules.com\/Grafica\/pixelT.gif\" alt=\".\">&#8220;The harp sound journey throughout history\u201d<br><img loading=\"lazy\" decoding=\"async\" width=\"20\" height=\"8\" src=\"http:\/\/www.annamargules.com\/Grafica\/pixelT.gif\" alt=\".\">Sal\u00f3n de actos CAI<br><img loading=\"lazy\" decoding=\"async\" width=\"20\" height=\"8\" src=\"http:\/\/www.annamargules.com\/Grafica\/pixelT.gif\" alt=\".\">Paseo Independencia , 10<br><img loading=\"lazy\" decoding=\"async\" width=\"20\" height=\"8\" src=\"http:\/\/www.annamargules.com\/Grafica\/pixelT.gif\" alt=\".\">Zaragoza<\/span><\/p> <p><strong><img loading=\"lazy\" decoding=\"async\" width=\"10\" height=\"3\" src=\"http:\/\/www.annamargules.com\/Grafica\/signBlu8.gif\" alt=\".\"><img loading=\"lazy\" decoding=\"async\" width=\"10\" height=\"8\" src=\"http:\/\/www.annamargules.com\/Grafica\/pixelT.gif\" alt=\".\"><\/strong><span class=\"txtBioBlu\"><strong>17, 18, 19\/01\/2012:<\/strong><\/span><br><span class=\"txtBio\"><img loading=\"lazy\" decoding=\"async\" width=\"20\" height=\"8\" src=\"http:\/\/www.annamargules.com\/Grafica\/pixelT.gif\" alt=\".\">Concert tourn\u00e9e : CSMA: Early Music Department<br><img loading=\"lazy\" decoding=\"async\" width=\"20\" height=\"8\" src=\"http:\/\/www.annamargules.com\/Grafica\/pixelT.gif\" alt=\".\">Harpsichord: Jose Luis Gonzalez Uriol (special guest)<br><img loading=\"lazy\" decoding=\"async\" width=\"20\" height=\"8\" src=\"http:\/\/www.annamargules.com\/Grafica\/pixelT.gif\" alt=\".\">Recorder: Anna Margules<br><img loading=\"lazy\" decoding=\"async\" width=\"20\" height=\"8\" src=\"http:\/\/www.annamargules.com\/Grafica\/pixelT.gif\" alt=\".\">Key: Silvia Marquez<br><img loading=\"lazy\" decoding=\"async\" width=\"20\" height=\"8\" src=\"http:\/\/www.annamargules.com\/Grafica\/pixelT.gif\" alt=\".\">Harp: Gloria M \u00aa Mart\u00ednez<br><img loading=\"lazy\" decoding=\"async\" width=\"20\" height=\"8\" src=\"http:\/\/www.annamargules.com\/Grafica\/pixelT.gif\" alt=\".\">Positive Organ: Saskia Roures<br><img loading=\"lazy\" decoding=\"async\" width=\"20\" height=\"8\" src=\"http:\/\/www.annamargules.com\/Grafica\/pixelT.gif\" alt=\".\">Works by Cabezon. Selma and Salaverde, Valente, Falconiero Fern\u00e1ndez de Huete, among other<br><img loading=\"lazy\" decoding=\"async\" width=\"20\" height=\"8\" src=\"http:\/\/www.annamargules.com\/Grafica\/pixelT.gif\" alt=\".\">&#8220;The harp sound journey throughout history\u201d<\/span><\/p> <p><strong><img loading=\"lazy\" decoding=\"async\" width=\"10\" height=\"3\" src=\"http:\/\/www.annamargules.com\/Grafica\/signBlu8.gif\" alt=\".\"><img loading=\"lazy\" decoding=\"async\" width=\"10\" height=\"8\" src=\"http:\/\/www.annamargules.com\/Grafica\/pixelT.gif\" alt=\".\"><\/strong><span class=\"txtBioBlu\"><strong>18\/01\/2012, 20:00 h<\/strong><\/span><br><span class=\"txtBio\"><img loading=\"lazy\" decoding=\"async\" width=\"20\" height=\"8\" src=\"http:\/\/www.annamargules.com\/Grafica\/pixelT.gif\" alt=\".\">Concert tourn\u00e9e : CSMA: Early Music Department<br><img loading=\"lazy\" decoding=\"async\" width=\"20\" height=\"8\" src=\"http:\/\/www.annamargules.com\/Grafica\/pixelT.gif\" alt=\".\">Harpsichord: Jose Luis Gonzalez Uriol (special guest)<br><img loading=\"lazy\" decoding=\"async\" width=\"20\" height=\"8\" src=\"http:\/\/www.annamargules.com\/Grafica\/pixelT.gif\" alt=\".\">Recorder: Anna Margules<br>Harpsichord: Silvia Marquez<br><img loading=\"lazy\" decoding=\"async\" width=\"20\" height=\"8\" src=\"http:\/\/www.annamargules.com\/Grafica\/pixelT.gif\" alt=\".\">Harp: Gloria M \u00aa Mart\u00ednez<br><img loading=\"lazy\" decoding=\"async\" width=\"20\" height=\"8\" src=\"http:\/\/www.annamargules.com\/Grafica\/pixelT.gif\" alt=\".\">Positive Organ: Saskia Roures<br><img loading=\"lazy\" decoding=\"async\" width=\"20\" height=\"8\" src=\"http:\/\/www.annamargules.com\/Grafica\/pixelT.gif\" alt=\".\">Works by Cabezon. Selma and Salaverde, Valente, Falconiero Fern\u00e1ndez de Huete, among other<br><img loading=\"lazy\" decoding=\"async\" width=\"20\" height=\"8\" src=\"http:\/\/www.annamargules.com\/Grafica\/pixelT.gif\" alt=\".\">&#8220;The harp sound journey throughout history\u201d<br><img loading=\"lazy\" decoding=\"async\" width=\"20\" height=\"8\" src=\"http:\/\/www.annamargules.com\/Grafica\/pixelT.gif\" alt=\".\">Museo de Teruel,<br><img loading=\"lazy\" decoding=\"async\" width=\"20\" height=\"8\" src=\"http:\/\/www.annamargules.com\/Grafica\/pixelT.gif\" alt=\".\">Plaza Fray Anselmo Polanco, 3<br><img loading=\"lazy\" decoding=\"async\" width=\"20\" height=\"8\" src=\"http:\/\/www.annamargules.com\/Grafica\/pixelT.gif\" alt=\".\">Teruel <\/span><\/p> <p><strong><img loading=\"lazy\" decoding=\"async\" width=\"10\" height=\"3\" src=\"http:\/\/www.annamargules.com\/Grafica\/signBlu8.gif\" alt=\".\"><img loading=\"lazy\" decoding=\"async\" width=\"10\" height=\"8\" src=\"http:\/\/www.annamargules.com\/Grafica\/pixelT.gif\" alt=\".\"><\/strong><span class=\"txtBioBlu\"><strong>17\/01\/2012, 19:30 h:<\/strong><\/span><br><span class=\"txtBio\"><img loading=\"lazy\" decoding=\"async\" width=\"20\" height=\"8\" src=\"http:\/\/www.annamargules.com\/Grafica\/pixelT.gif\" alt=\".\">Concert tourn\u00e9e : CSMA: Early Music Department<br><img loading=\"lazy\" decoding=\"async\" width=\"20\" height=\"8\" src=\"http:\/\/www.annamargules.com\/Grafica\/pixelT.gif\" alt=\".\">Harpsichord: Jose Luis Gonzalez Uriol (special guest)<br><img loading=\"lazy\" decoding=\"async\" width=\"20\" height=\"8\" src=\"http:\/\/www.annamargules.com\/Grafica\/pixelT.gif\" alt=\".\">Recorder: Anna Margules<br>Harpsichord: Silvia Marquez<br><img loading=\"lazy\" decoding=\"async\" width=\"20\" height=\"8\" src=\"http:\/\/www.annamargules.com\/Grafica\/pixelT.gif\" alt=\".\">Harp: Gloria M \u00aa Mart\u00ednez<br><img loading=\"lazy\" decoding=\"async\" width=\"20\" height=\"8\" src=\"http:\/\/www.annamargules.com\/Grafica\/pixelT.gif\" alt=\".\">Positive Organ: Saskia Roures<br><img loading=\"lazy\" decoding=\"async\" width=\"20\" height=\"8\" src=\"http:\/\/www.annamargules.com\/Grafica\/pixelT.gif\" alt=\".\">Works by Cabezon. Selma and Salaverde, Valente, Falconiero Fern\u00e1ndez de Huete, among other<br><img loading=\"lazy\" decoding=\"async\" width=\"20\" height=\"8\" src=\"http:\/\/www.annamargules.com\/Grafica\/pixelT.gif\" alt=\".\">&#8220;The harp sound journey throughout history\u201d<br><img loading=\"lazy\" decoding=\"async\" width=\"20\" height=\"8\" src=\"http:\/\/www.annamargules.com\/Grafica\/pixelT.gif\" alt=\".\">Sal\u00f3n de Actos de la Diputaci\u00f3n Provincial de Huesca<br><img loading=\"lazy\" decoding=\"async\" width=\"20\" height=\"8\" src=\"http:\/\/www.annamargules.com\/Grafica\/pixelT.gif\" alt=\".\">Porches de Galicia, 4<br><img loading=\"lazy\" decoding=\"async\" width=\"20\" height=\"8\" src=\"http:\/\/www.annamargules.com\/Grafica\/pixelT.gif\" alt=\".\">Huesca<\/span><\/p> <p><strong><img loading=\"lazy\" decoding=\"async\" width=\"10\" height=\"3\" src=\"http:\/\/www.annamargules.com\/Grafica\/signBlu8.gif\" alt=\".\"><img loading=\"lazy\" decoding=\"async\" width=\"10\" height=\"8\" src=\"http:\/\/www.annamargules.com\/Grafica\/pixelT.gif\" alt=\".\"><\/strong><span class=\"txtBioBlu\"><strong>25 \/ 08 \/ 2011, 22:00 pm:<\/strong><\/span><br><span class=\"txtBio\"><img loading=\"lazy\" decoding=\"async\" width=\"20\" height=\"8\" src=\"http:\/\/www.annamargules.com\/Grafica\/pixelT.gif\" alt=\".\">Spiritus Ligna,<br><img loading=\"lazy\" decoding=\"async\" width=\"20\" height=\"8\" src=\"http:\/\/www.annamargules.com\/Grafica\/pixelT.gif\" alt=\".\">Counterpoints. Works by Bach, Piazzolla, Geysen, Ciconia, Arvo P\u00e4rt, Boismortier, among others &#8230;<br><img loading=\"lazy\" decoding=\"async\" width=\"20\" height=\"8\" src=\"http:\/\/www.annamargules.com\/Grafica\/pixelT.gif\" alt=\".\">Villaminiscle<br><img loading=\"lazy\" decoding=\"async\" width=\"20\" height=\"8\" src=\"http:\/\/www.annamargules.com\/Grafica\/pixelT.gif\" alt=\".\">Girona<\/span><\/p> <p><strong><img loading=\"lazy\" decoding=\"async\" width=\"10\" height=\"3\" src=\"http:\/\/www.annamargules.com\/Grafica\/signBlu8.gif\" alt=\".\"><img loading=\"lazy\" decoding=\"async\" width=\"10\" height=\"8\" src=\"http:\/\/www.annamargules.com\/Grafica\/pixelT.gif\" alt=\".\"><\/strong><span class=\"txtBioBlu\"><strong>06. July 2011, 19:30h<\/strong><\/span><br><span class=\"txtBio\"><img loading=\"lazy\" decoding=\"async\" width=\"20\" height=\"8\" src=\"http:\/\/www.annamargules.com\/Grafica\/pixelT.gif\" alt=\".\">Auditorio 400 Museo Nacional de Arte Reina Sofia<br><img loading=\"lazy\" decoding=\"async\" width=\"20\" height=\"8\" src=\"http:\/\/www.annamargules.com\/Grafica\/pixelT.gif\" alt=\".\">JIEM 2011, 18\u00aaJornadas de Inform\u00e1tica y Electr\u00f3nica Musical<br><img loading=\"lazy\" decoding=\"async\" width=\"20\" height=\"8\" src=\"http:\/\/www.annamargules.com\/Grafica\/pixelT.gif\" alt=\".\">Workshop: Live electronics with acoustic instruments.<br><img loading=\"lazy\" decoding=\"async\" width=\"20\" height=\"8\" src=\"http:\/\/www.annamargules.com\/Grafica\/pixelT.gif\" alt=\".\">Performing Arturo Fuentes composition:Toro Mariposa<\/span><\/p> <p><span class=\"txtBioB\"><strong><img loading=\"lazy\" decoding=\"async\" width=\"10\" height=\"3\" src=\"http:\/\/www.annamargules.com\/Grafica\/signBlu8.gif\" alt=\".\"><img loading=\"lazy\" decoding=\"async\" width=\"10\" height=\"8\" src=\"http:\/\/www.annamargules.com\/Grafica\/pixelT.gif\" alt=\".\">18-19. June, 201<\/strong>1<\/span><br><span class=\"txtBio\"><img loading=\"lazy\" decoding=\"async\" width=\"20\" height=\"8\" src=\"http:\/\/www.annamargules.com\/Grafica\/pixelT.gif\" alt=\".\">First recorder Iberian \u00a0conference<br><img loading=\"lazy\" decoding=\"async\" width=\"20\" height=\"8\" src=\"http:\/\/www.annamargules.com\/Grafica\/pixelT.gif\" alt=\".\">Oganized by \u00a0ERTA IBERIA, Iberian recorder association<br><img loading=\"lazy\" decoding=\"async\" width=\"20\" height=\"8\" src=\"http:\/\/www.annamargules.com\/Grafica\/pixelT.gif\" alt=\".\"><a class=\"txtBioBlu\" rel=\"noopener noreferrer\" href=\"https:\/\/www.facebook.com\/event.php?eid=142262942504422&amp;ref=mf\" target=\"_blank\">https:\/\/www.facebook.com\/event.php?eid=142262942504422&amp;ref=mf >><\/a><\/span><\/p> <p><strong><img loading=\"lazy\" decoding=\"async\" width=\"10\" height=\"3\" src=\"http:\/\/www.annamargules.com\/Grafica\/signBlu8.gif\" alt=\".\"><img loading=\"lazy\" decoding=\"async\" width=\"10\" height=\"8\" src=\"http:\/\/www.annamargules.com\/Grafica\/pixelT.gif\" alt=\".\"><span class=\"txtBioBlu\">27.05.2011, 20h Girona<\/span><br><\/strong><span class=\"txtBio\"><img loading=\"lazy\" decoding=\"async\" width=\"20\" height=\"8\" src=\"http:\/\/www.annamargules.com\/Grafica\/pixelT.gif\" alt=\".\">Spiritus Ligna, cuarteto de flautas de pico<br><img loading=\"lazy\" decoding=\"async\" width=\"20\" height=\"8\" src=\"http:\/\/www.annamargules.com\/Grafica\/pixelT.gif\" alt=\".\">Tiam goudarzi\u2013 Anna Margules-Sara Par\u00e9s \u2013 Abel Puig<br><img loading=\"lazy\" decoding=\"async\" width=\"20\" height=\"8\" src=\"http:\/\/www.annamargules.com\/Grafica\/pixelT.gif\" alt=\".\">Contrapunctos. Obras de Bach, Piazzola, Geysen, Ciconia, Arvo P\u00e4rt, Boismortier, entre otros&#8230;<br><strong><img loading=\"lazy\" decoding=\"async\" width=\"20\" height=\"8\" src=\"http:\/\/www.annamargules.com\/Grafica\/pixelT.gif\" alt=\".\">CICLE DE CONCERTS DE M\u00daSICA ANTIGA-Auditori Josep Irla\u00a0<\/strong><br><img loading=\"lazy\" decoding=\"async\" width=\"20\" height=\"8\" src=\"http:\/\/www.annamargules.com\/Grafica\/pixelT.gif\" alt=\".\">Carrer de Joan Maragall, n\u00ba2.\u00a0 GIRONA<\/span><\/p> <p><strong><img loading=\"lazy\" decoding=\"async\" width=\"10\" height=\"3\" src=\"http:\/\/www.annamargules.com\/Grafica\/signBlu8.gif\" alt=\".\"><img loading=\"lazy\" decoding=\"async\" width=\"10\" height=\"8\" src=\"http:\/\/www.annamargules.com\/Grafica\/pixelT.gif\" alt=\".\"><\/strong><span class=\"txtBioBlu\"><strong>26.05.2011, 20:30h<\/strong><\/span><br><span class=\"txtBio\"><img loading=\"lazy\" decoding=\"async\" width=\"20\" height=\"8\" src=\"http:\/\/www.annamargules.com\/Grafica\/pixelT.gif\" alt=\".\">Spiritus Ligna, cuarteto de flautas de pico<br><img loading=\"lazy\" decoding=\"async\" width=\"20\" height=\"8\" src=\"http:\/\/www.annamargules.com\/Grafica\/pixelT.gif\" alt=\".\">Tiam goudarzi\u2013 Anna Margules-Sara Par\u00e9s \u2013 Abel Puig<br><img loading=\"lazy\" decoding=\"async\" width=\"20\" height=\"8\" src=\"http:\/\/www.annamargules.com\/Grafica\/pixelT.gif\" alt=\".\">M\u00fasica entre libros: Contrapuntos<br><img loading=\"lazy\" decoding=\"async\" width=\"20\" height=\"8\" src=\"http:\/\/www.annamargules.com\/Grafica\/pixelT.gif\" alt=\".\">Obras de Bach, Piazzola, Geysen, Ciconia, Arvo P\u00e4rt, Boismortier, entre otros&#8230;<\/span><br><span class=\"txtBio\"><img loading=\"lazy\" decoding=\"async\" width=\"20\" height=\"8\" src=\"http:\/\/www.annamargules.com\/Grafica\/pixelT.gif\" alt=\".\">Info. y reservas:<\/span><br><img loading=\"lazy\" decoding=\"async\" width=\"20\" height=\"8\" src=\"http:\/\/www.annamargules.com\/Grafica\/pixelT.gif\" alt=\".\"><a class=\"txtBioBlu\" rel=\"noopener noreferrer\" href=\"http:\/\/libreriamartinezperez.blogspot.es\/\" target=\"_blank\">http:\/\/libreriamartinezperez.blogspot.es\/<\/a><br><span class=\"txtBio\"><img loading=\"lazy\" decoding=\"async\" width=\"20\" height=\"8\" src=\"http:\/\/www.annamargules.com\/Grafica\/pixelT.gif\" alt=\".\">Llibreria General de Arte Mart\u00ednez P\u00e9rez<\/span><\/p> <p><span class=\"txtBioBlu\"><strong><img loading=\"lazy\" decoding=\"async\" width=\"10\" height=\"3\" src=\"http:\/\/www.annamargules.com\/Grafica\/signBlu8.gif\" alt=\".\"><img loading=\"lazy\" decoding=\"async\" width=\"10\" height=\"8\" src=\"http:\/\/www.annamargules.com\/Grafica\/pixelT.gif\" alt=\".\">April 2, 2011, 19:30h, Madrid<\/strong><\/span><br><span class=\"txtBio\"> <img loading=\"lazy\" decoding=\"async\" width=\"20\" height=\"8\" src=\"http:\/\/www.annamargules.com\/Grafica\/pixelT.gif\" alt=\".\">Fundaci\u00f3n BBVA. Palacio del Marqu\u00e9s de Salamanca. Paseo de Recoletos, 10. Madrid. Espa\u00f1a<br><img loading=\"lazy\" decoding=\"async\" width=\"20\" height=\"8\" src=\"http:\/\/www.annamargules.com\/Grafica\/pixelT.gif\" alt=\".\">Concert: Between Angels and Demons: Clasical Contemporary Airs for recorders<\/span><\/p> <p><span class=\"txtBioBlu\"><strong><img loading=\"lazy\" decoding=\"async\" width=\"10\" height=\"3\" src=\"http:\/\/www.annamargules.com\/Grafica\/signBlu8.gif\" alt=\".\"><img loading=\"lazy\" decoding=\"async\" width=\"10\" height=\"8\" src=\"http:\/\/www.annamargules.com\/Grafica\/pixelT.gif\" alt=\".\">08. March 2011, 19:30h, Madrid<\/strong><\/span><br><img loading=\"lazy\" decoding=\"async\" width=\"20\" height=\"8\" src=\"http:\/\/www.annamargules.com\/Grafica\/pixelT.gif\" alt=\".\">Embajada de M\u00e9xico \/ Instituto de M\u00e9xico en Espa\u00f1a<br><img loading=\"lazy\" decoding=\"async\" width=\"20\" height=\"8\" src=\"http:\/\/www.annamargules.com\/Grafica\/pixelT.gif\" alt=\".\">Carrera de San Jer\u00f3nimo, 4, Madrid<br><img loading=\"lazy\" decoding=\"async\" width=\"20\" height=\"8\" src=\"http:\/\/www.annamargules.com\/Grafica\/pixelT.gif\" alt=\".\">International Women&#8217;s Day With:<br><img loading=\"lazy\" decoding=\"async\" width=\"20\" height=\"8\" src=\"http:\/\/www.annamargules.com\/Grafica\/pixelT.gif\" alt=\".\">Minister Alicia Buenrostro \u201cWomen in diplomacy\u201d<br><img loading=\"lazy\" decoding=\"async\" width=\"20\" height=\"8\" src=\"http:\/\/www.annamargules.com\/Grafica\/pixelT.gif\" alt=\".\">Lys Elia Flores Sotelo \u201cWomen in art &#8220;<br><img loading=\"lazy\" decoding=\"async\" width=\"20\" height=\"8\" src=\"http:\/\/www.annamargules.com\/Grafica\/pixelT.gif\" alt=\".\">Adela Mac Swiney \u201cWomen in the media\u201d<br><img loading=\"lazy\" decoding=\"async\" width=\"20\" height=\"8\" src=\"http:\/\/www.annamargules.com\/Grafica\/pixelT.gif\" alt=\".\">Anna Margules \u201cWomen in music\u201d<br><img loading=\"lazy\" decoding=\"async\" width=\"20\" height=\"8\" src=\"http:\/\/www.annamargules.com\/Grafica\/pixelT.gif\" alt=\".\">Coordinates: Consul Maria Guadalupe S\u00e1nchez<\/p> <p><span class=\"txtBioBlu\"><strong><img loading=\"lazy\" decoding=\"async\" width=\"10\" height=\"3\" src=\"http:\/\/www.annamargules.com\/Grafica\/signBlu8.gif\" alt=\".\"><img loading=\"lazy\" decoding=\"async\" width=\"10\" height=\"8\" src=\"http:\/\/www.annamargules.com\/Grafica\/pixelT.gif\" alt=\".\">26 February 2011, 21:00h, Madrid<\/strong><\/span><br><img loading=\"lazy\" decoding=\"async\" width=\"20\" height=\"8\" src=\"http:\/\/www.annamargules.com\/Grafica\/pixelT.gif\" alt=\".\">Iglesia Santo Cristo de Olivar.<br><img loading=\"lazy\" decoding=\"async\" width=\"20\" height=\"8\" src=\"http:\/\/www.annamargules.com\/Grafica\/pixelT.gif\" alt=\".\">Calle de los Ca\u00f1izares, 4. Madrid<br><img loading=\"lazy\" decoding=\"async\" width=\"20\" height=\"8\" src=\"http:\/\/www.annamargules.com\/Grafica\/pixelT.gif\" alt=\".\">Music For a While: Henry Purcell, G.F.Telemann, J.B. Boismortier, J.Scherer, among others\u2026<br><img loading=\"lazy\" decoding=\"async\" width=\"20\" height=\"8\" src=\"http:\/\/www.annamargules.com\/Grafica\/pixelT.gif\" alt=\".\">Tr\u00edo Intratempo, recorders Anna Margules, Trudy Grimbergen, Daniel Bernaza Juan Carlos de Mulder,<br><img loading=\"lazy\" decoding=\"async\" width=\"20\" height=\"8\" src=\"http:\/\/www.annamargules.com\/Grafica\/pixelT.gif\" alt=\".\">Vihuela Olga Fernandez, Viola da Gamba.<br><img loading=\"lazy\" decoding=\"async\" width=\"20\" height=\"8\" src=\"http:\/\/www.annamargules.com\/Grafica\/pixelT.gif\" alt=\".\">https:\/\/www.facebook.com\/event.php?eid=112270632182415 <span class=\"txtBio\"><span class=\"txtBioBlu\"><strong><img loading=\"lazy\" decoding=\"async\" width=\"10\" height=\"3\" src=\"http:\/\/www.annamargules.com\/Grafica\/signBlu8.gif\" alt=\".\"><img loading=\"lazy\" decoding=\"async\" width=\"10\" height=\"8\" src=\"http:\/\/www.annamargules.com\/Grafica\/pixelT.gif\" alt=\".\"> 22. January 2011, 21:00h<\/strong><\/span><br><img loading=\"lazy\" decoding=\"async\" width=\"20\" height=\"8\" src=\"http:\/\/www.annamargules.com\/Grafica\/pixelT.gif\" alt=\".\">Parroquia del Santo Cristo del Olivar, calle Ca\u00f1izares 4, Madrid<br><img loading=\"lazy\" decoding=\"async\" width=\"20\" height=\"8\" src=\"http:\/\/www.annamargules.com\/Grafica\/pixelT.gif\" alt=\".\">Concierto de M\u00fasica de C\u00e1mara:<br><img loading=\"lazy\" decoding=\"async\" width=\"20\" height=\"8\" src=\"http:\/\/www.annamargules.com\/Grafica\/pixelT.gif\" alt=\".\">Daniel Bernaza, Joaqu\u00edn Hern\u00e1ndez, Trudy Grimbergen y Anna Margules: Flautas de pico<br><img loading=\"lazy\" decoding=\"async\" width=\"20\" height=\"8\" src=\"http:\/\/www.annamargules.com\/Grafica\/pixelT.gif\" alt=\".\">Joan Carlos de Mulder: Guitarra barroca, La\u00fad<br><img loading=\"lazy\" decoding=\"async\" width=\"20\" height=\"8\" src=\"http:\/\/www.annamargules.com\/Grafica\/pixelT.gif\" alt=\".\">Izascun Cruz: Percusi\u00f3n<br><img loading=\"lazy\" decoding=\"async\" width=\"20\" height=\"8\" src=\"http:\/\/www.annamargules.com\/Grafica\/pixelT.gif\" alt=\".\">Obras de Praetorius, A.Cabez\u00f3n, Merula, Castello, Telemann, Purcell, J.S.Bach,<br><img loading=\"lazy\" decoding=\"async\" width=\"20\" height=\"8\" src=\"http:\/\/www.annamargules.com\/Grafica\/pixelT.gif\" alt=\".\">Schickhardt, Schmeltzer, Scheidt, entre otros <\/span><\/p> <p><span class=\"txtBioBlu\"><strong><img loading=\"lazy\" decoding=\"async\" width=\"10\" height=\"3\" src=\"http:\/\/www.annamargules.com\/Grafica\/signBlu8.gif\" alt=\".\"><img loading=\"lazy\" decoding=\"async\" width=\"10\" height=\"8\" src=\"http:\/\/www.annamargules.com\/Grafica\/pixelT.gif\" alt=\".\">10. November, 2010 <\/strong><\/span><br><span class=\"txtBio\"><img loading=\"lazy\" decoding=\"async\" width=\"20\" height=\"8\" src=\"http:\/\/www.annamargules.com\/Grafica\/pixelT.gif\" alt=\".\">Casa de Am\u00e9rica a las 19:30h<br><img loading=\"lazy\" decoding=\"async\" width=\"20\" height=\"8\" src=\"http:\/\/www.annamargules.com\/Grafica\/pixelT.gif\" alt=\".\">Premio 100 Latinos Madrid a Anna Margules<br><img loading=\"lazy\" decoding=\"async\" width=\"20\" height=\"8\" src=\"http:\/\/www.annamargules.com\/Grafica\/pixelT.gif\" alt=\".\"><a class=\"txtBioBlu\" rel=\"noopener noreferrer\" href=\"http:\/\/www.100latinos.com\/\" target=\"_blank\">http:\/\/www.100latinos.com\/<\/a> >><\/span><\/p> <p><span class=\"txtBioBlu\"><strong><img loading=\"lazy\" decoding=\"async\" width=\"10\" height=\"3\" src=\"http:\/\/www.annamargules.com\/Grafica\/signBlu8.gif\" alt=\".\"><img loading=\"lazy\" decoding=\"async\" width=\"10\" height=\"8\" src=\"http:\/\/www.annamargules.com\/Grafica\/pixelT.gif\" alt=\".\">October 14 &#8211; 15, 2010: 10h-14h, M\u00e9xico DF<\/strong><\/span><br><span class=\"txtBio\"> <img loading=\"lazy\" decoding=\"async\" width=\"20\" height=\"8\" src=\"http:\/\/www.annamargules.com\/Grafica\/pixelT.gif\" alt=\".\">Escuela Superior de M\u00fasica CNA\u00a0M\u00e9xico DF<br><img loading=\"lazy\" decoding=\"async\" width=\"20\" height=\"8\" src=\"http:\/\/www.annamargules.com\/Grafica\/pixelT.gif\" alt=\".\">Master Class: Guillaume de Machaut or lthe New Music of the XIVth century<\/span><\/p> <p><span class=\"txtBioBlu\"><strong><img loading=\"lazy\" decoding=\"async\" width=\"10\" height=\"3\" src=\"http:\/\/www.annamargules.com\/Grafica\/signBlu8.gif\" alt=\".\"><img loading=\"lazy\" decoding=\"async\" width=\"10\" height=\"8\" src=\"http:\/\/www.annamargules.com\/Grafica\/pixelT.gif\" alt=\".\"> 27-28 july , M\ufffdxico D F., Col. Roma<\/strong><\/span><br><span class=\"txtBio\"> <img loading=\"lazy\" decoding=\"async\" width=\"20\" height=\"8\" src=\"http:\/\/www.annamargules.com\/Grafica\/pixelT.gif\" alt=\".\">Recorder course<br><img loading=\"lazy\" decoding=\"async\" width=\"20\" height=\"8\" src=\"http:\/\/www.annamargules.com\/Grafica\/pixelT.gif\" alt=\".\"><a class=\"txtBioBlu\" rel=\"noopener noreferrer\" href=\"http:\/\/www.facebook.com\/home.php?#%21\/event.php?eid=132733176765245\" target=\"_blank\"><u>http:\/\/www.facebook.com\/home.php?#!\/event.php?eid=132733176765245 >><\/u><\/a><\/span><\/p> <p><strong><span class=\"txtBioBlu\"><img loading=\"lazy\" decoding=\"async\" width=\"10\" height=\"3\" src=\"http:\/\/www.annamargules.com\/Grafica\/signBlu8.gif\" alt=\"\"><img loading=\"lazy\" decoding=\"async\" width=\"10\" height=\"8\" src=\"http:\/\/www.annamargules.com\/Grafica\/pixelT.gif\" alt=\"\"> <span class=\"Estilo1\">CANCELLED<\/span> 29 July &#8211; 7 August, Oaxaca<\/span><\/strong><br><span class=\"txtBio\"><img loading=\"lazy\" decoding=\"async\" width=\"20\" height=\"8\" src=\"http:\/\/www.annamargules.com\/Grafica\/pixelT.gif\" alt=\"\"><strong>Instrumenta Verano 2010<\/strong><br><img loading=\"lazy\" decoding=\"async\" width=\"20\" height=\"8\" src=\"http:\/\/www.annamargules.com\/Grafica\/pixelT.gif\" alt=\"\"><em>Intercambio Acad\ufffdmico y Art\ufffdstico Musical<\/em><br><img loading=\"lazy\" decoding=\"async\" width=\"20\" height=\"8\" src=\"http:\/\/www.annamargules.com\/Grafica\/pixelT.gif\" alt=\"\">Curso de flauta de pico y Conciertos<br><img loading=\"lazy\" decoding=\"async\" width=\"20\" height=\"8\" src=\"http:\/\/www.annamargules.com\/Grafica\/pixelT.gif\" alt=\"\"><a class=\"txtBio\" rel=\"noopener noreferrer\" href=\"http:\/\/www.instrumenta.org\/cms\/verano2010\" target=\"_blank\"><u>http:\/\/www.instrumenta.org\/cms\/verano2010 >><\/u><\/a> <\/span><\/p> <p><strong><span class=\"txtBioBlu\"><img loading=\"lazy\" decoding=\"async\" width=\"10\" height=\"3\" src=\"http:\/\/www.annamargules.com\/Grafica\/signBlu8.gif\" alt=\"\"><img loading=\"lazy\" decoding=\"async\" width=\"10\" height=\"8\" src=\"http:\/\/www.annamargules.com\/Grafica\/pixelT.gif\" alt=\"\"> 22. July 2010, 22:00h <\/span><\/strong><br><span class=\"txtBio\"><img loading=\"lazy\" decoding=\"async\" width=\"20\" height=\"8\" src=\"http:\/\/www.annamargules.com\/Grafica\/pixelT.gif\" alt=\"\"><u>VII Festival de M\ufffdsica Medieval de Alarcos >><\/u><br><img loading=\"lazy\" decoding=\"async\" width=\"20\" height=\"8\" src=\"http:\/\/www.annamargules.com\/Grafica\/pixelT.gif\" alt=\"\"><em>&#8220;Dexar fablar al viento&#8221;<\/em><br><img loading=\"lazy\" decoding=\"async\" width=\"20\" height=\"8\" src=\"http:\/\/www.annamargules.com\/Grafica\/pixelT.gif\" alt=\"\">recorder quartet: David Antich, Anna Margules, Fernando Paz, Josep Maria Saperas<\/span><\/p> <p><span class=\"txtBioBlu\"><strong><img loading=\"lazy\" decoding=\"async\" width=\"10\" height=\"3\" src=\"http:\/\/www.annamargules.com\/Grafica\/signBlu8.gif\" alt=\".\"><img loading=\"lazy\" decoding=\"async\" width=\"10\" height=\"8\" src=\"http:\/\/www.annamargules.com\/Grafica\/pixelT.gif\" alt=\".\"> 20 july, 21h La Solana. Iglesia de San Sebasti\u00e1n <\/strong><\/span><br><span class=\"txtBio\"><img loading=\"lazy\" decoding=\"async\" width=\"20\" height=\"8\" src=\"http:\/\/www.annamargules.com\/Grafica\/pixelT.gif\" alt=\".\"><em>&#8220;Dexar fablar al viento&#8221;<\/em><br><img loading=\"lazy\" decoding=\"async\" width=\"20\" height=\"8\" src=\"http:\/\/www.annamargules.com\/Grafica\/pixelT.gif\" alt=\".\">Cuarteto de Flautas de pico: David Antich, Anna Margules, Fernando Paz, Josep Maria Saperas <\/span><\/p> <p><strong><span class=\"txtBioBlu\"><img loading=\"lazy\" decoding=\"async\" width=\"10\" height=\"3\" src=\"http:\/\/www.annamargules.com\/Grafica\/signBlu8.gif\" alt=\"\"><img loading=\"lazy\" decoding=\"async\" width=\"10\" height=\"8\" src=\"http:\/\/www.annamargules.com\/Grafica\/pixelT.gif\" alt=\"\">29. March 2010, 12.30h, Museo de Arte Abstracto, Cuenca<\/span><\/strong><br><span class=\"txtBio\"><img loading=\"lazy\" decoding=\"async\" width=\"20\" height=\"8\" src=\"http:\/\/www.annamargules.com\/Grafica\/pixelT.gif\" alt=\"\"><strong>Festival 49 Semana de M\u00fasica Religiosa en Cuenca <\/strong><br><img loading=\"lazy\" decoding=\"async\" width=\"20\" height=\"8\" src=\"http:\/\/www.annamargules.com\/Grafica\/pixelT.gif\" alt=\"\"><em>LAMENTOS CONTEMPOR\u00c1NEOS<\/em><br><img loading=\"lazy\" decoding=\"async\" width=\"20\" height=\"8\" src=\"http:\/\/www.annamargules.com\/Grafica\/pixelT.gif\" alt=\"\">ANNA MARGULES, flautas de pico<br><img loading=\"lazy\" decoding=\"async\" width=\"20\" height=\"8\" src=\"http:\/\/www.annamargules.com\/Grafica\/pixelT.gif\" alt=\"\">Works of: MARCELA RODR\u00cdGUEZ, MARISA MANCHADO, JAVIER ARIAS BAL , JES\u00daS TORRES,<br><img loading=\"lazy\" decoding=\"async\" width=\"20\" height=\"8\" src=\"http:\/\/www.annamargules.com\/Grafica\/pixelT.gif\" alt=\"\">GABRIELA ORTIZ, ALEJANDRA HERN\u00c1NDEZ, INACIO BACA-LOBERA<\/span><\/p> <p><img loading=\"lazy\" decoding=\"async\" width=\"10\" height=\"3\" src=\"http:\/\/www.annamargules.com\/Grafica\/signBlu8.gif\" alt=\"\"><img loading=\"lazy\" decoding=\"async\" width=\"10\" height=\"8\" src=\"http:\/\/www.annamargules.com\/Grafica\/pixelT.gif\" alt=\"\"><strong><span class=\"txtBioBlu\">16 March 2010. <span lang=\"ES-MX\"> 19.h<\/span> Habana<\/span><\/strong><br><span class=\"txtBio\"><img loading=\"lazy\" decoding=\"async\" width=\"20\" height=\"8\" src=\"http:\/\/www.annamargules.com\/Grafica\/pixelT.gif\" alt=\"\"><strong>Festival Internacional &#8220;Primavera en La Habana 2010<\/strong><br><img loading=\"lazy\" decoding=\"async\" width=\"20\" height=\"8\" src=\"http:\/\/www.annamargules.com\/Grafica\/pixelT.gif\" alt=\"\"><span lang=\"ES-MX\">Teatro Museo Nacional de Bellas Artes, Arte Cubano<\/span><br><img loading=\"lazy\" decoding=\"async\" width=\"20\" height=\"8\" src=\"http:\/\/www.annamargules.com\/Grafica\/pixelT.gif\" alt=\"\"><span lang=\"ES-MX\">obras para flauta de pico y sonidos electroac\u00fasticos: <strong><br><img loading=\"lazy\" decoding=\"async\" width=\"20\" height=\"8\" src=\"http:\/\/www.annamargules.com\/Grafica\/pixelT.gif\" alt=\"\">Toro Mariposa, <\/strong>Arturo Fuentes (M\u00e9xico);<br><img loading=\"lazy\" decoding=\"async\" width=\"20\" height=\"8\" src=\"http:\/\/www.annamargules.com\/Grafica\/pixelT.gif\" alt=\"\"><strong>Memento, <\/strong>Ignacio Baca Lobera (M\u00e9xico); <strong><br><img loading=\"lazy\" decoding=\"async\" width=\"20\" height=\"8\" src=\"http:\/\/www.annamargules.com\/Grafica\/pixelT.gif\" alt=\"\">Vuelos, <\/strong>Alejandra Hern\u00e1ndez\u00a0 (M\u00e9xico);<br><img loading=\"lazy\" decoding=\"async\" width=\"20\" height=\"8\" src=\"http:\/\/www.annamargules.com\/Grafica\/pixelT.gif\" alt=\"\"><strong>Xenon, <\/strong>Adolfo N\u00fa\u00f1ez (Espa\u00f1a);<br><img loading=\"lazy\" decoding=\"async\" width=\"20\" height=\"8\" src=\"http:\/\/www.annamargules.com\/Grafica\/pixelT.gif\" alt=\"\"><strong>Vida Lunar, <\/strong>Rodrigo Sigal (M\u00e9xico).<\/span><\/span><\/p> <p><img loading=\"lazy\" decoding=\"async\" width=\"10\" height=\"3\" src=\"http:\/\/www.annamargules.com\/Grafica\/signBlu8.gif\" alt=\"\"><img loading=\"lazy\" decoding=\"async\" width=\"10\" height=\"8\" src=\"http:\/\/www.annamargules.com\/Grafica\/pixelT.gif\" alt=\"\"><strong><span class=\"txtBioBlu\">2 &#8211; 16 November 2008. Teatro Real, <\/span><\/strong><span class=\"txtBioBlu\"> Madrid<br><img loading=\"lazy\" decoding=\"async\" width=\"20\" height=\"8\" src=\"http:\/\/www.annamargules.com\/Grafica\/pixelT.gif\" alt=\"\"><a class=\"txtBio\" rel=\"noopener noreferrer\" href=\"http:\/\/www.teatro-real.es\/Programaci%C3%B3n\/Detalle\/?posicion1=2288\" target=\"_blank\"><u>Georg Friedrich H\u00e4ndel (1685-1759): El triunfo del Tiempo y del Desenga\u00f1o >><\/u><\/a><br><img loading=\"lazy\" decoding=\"async\" width=\"20\" height=\"8\" src=\"http:\/\/www.annamargules.com\/Grafica\/pixelT.gif\" alt=\"\">Musical direction: Paul McCreesh<br><img loading=\"lazy\" decoding=\"async\" width=\"20\" height=\"8\" src=\"http:\/\/www.annamargules.com\/Grafica\/pixelT.gif\" alt=\"\">Stage direction: J\u00fcrgen Flimm<br><img loading=\"lazy\" decoding=\"async\" width=\"20\" height=\"8\" src=\"http:\/\/www.annamargules.com\/Grafica\/pixelT.gif\" alt=\"\">Orquesta Sinf\u00f3nica de Madrid<br><img loading=\"lazy\" decoding=\"async\" width=\"20\" height=\"8\" src=\"http:\/\/www.annamargules.com\/Grafica\/pixelT.gif\" alt=\"\">Cast:<br><img loading=\"lazy\" decoding=\"async\" width=\"20\" height=\"8\" src=\"http:\/\/www.annamargules.com\/Grafica\/pixelT.gif\" alt=\"\">La Belleza: Isabel Rey, Angela Bohlin<br><img loading=\"lazy\" decoding=\"async\" width=\"20\" height=\"8\" src=\"http:\/\/www.annamargules.com\/Grafica\/pixelT.gif\" alt=\"\">El Placer: Vivica Genaux, Anna Bonitatibus<br><img loading=\"lazy\" decoding=\"async\" width=\"20\" height=\"8\" src=\"http:\/\/www.annamargules.com\/Grafica\/pixelT.gif\" alt=\"\">El Desenga\u00f1o: Marijana Mijanovic, Romina Basso<br><img loading=\"lazy\" decoding=\"async\" width=\"20\" height=\"8\" src=\"http:\/\/www.annamargules.com\/Grafica\/pixelT.gif\" alt=\"\">El Tiempo: Steve Davislim, Kobie van Rensburg<\/span><\/p> <p><img loading=\"lazy\" decoding=\"async\" width=\"10\" height=\"3\" src=\"http:\/\/www.annamargules.com\/Grafica\/signBlu8.gif\" alt=\"\"><img loading=\"lazy\" decoding=\"async\" width=\"10\" height=\"8\" src=\"http:\/\/www.annamargules.com\/Grafica\/pixelT.gif\" alt=\"\"><strong><span class=\"txtBioBlu\">12 November 2008<\/span><\/strong><span class=\"txtBioBlu\">. Universidad Carlos III de Madrid. Aula Magna.<br><img loading=\"lazy\" decoding=\"async\" width=\"20\" height=\"8\" src=\"http:\/\/www.annamargules.com\/Grafica\/pixelT.gif\" alt=\"\">Commented concerts<br><img loading=\"lazy\" decoding=\"async\" width=\"20\" height=\"8\" src=\"http:\/\/www.annamargules.com\/Grafica\/pixelT.gif\" alt=\"\">Lecture: Anna Margules, 17:00h<br><img loading=\"lazy\" decoding=\"async\" width=\"20\" height=\"8\" src=\"http:\/\/www.annamargules.com\/Grafica\/pixelT.gif\" alt=\"\">Concert: 18:00h<br><img loading=\"lazy\" decoding=\"async\" width=\"20\" height=\"8\" src=\"http:\/\/www.annamargules.com\/Grafica\/pixelT.gif\" alt=\"\">Intratempo FLautas de pico: Daniel Bernaza, Trudy Grimbergen, Anna Margules<\/span><\/p> <p><img loading=\"lazy\" decoding=\"async\" width=\"10\" height=\"3\" src=\"http:\/\/www.annamargules.com\/Grafica\/signBlu8.gif\" alt=\"\"><img loading=\"lazy\" decoding=\"async\" width=\"10\" height=\"8\" src=\"http:\/\/www.annamargules.com\/Grafica\/pixelT.gif\" alt=\"\"><strong><span class=\"txtBioBlu\">2., 3. October 2008<\/span><\/strong><span class=\"txtBioBlu\"> CENTRO CULTURAL MONCLOA Madrid(Pza. de la Moncloa, n\u00ba 1) 20h<br><img loading=\"lazy\" decoding=\"async\" width=\"20\" height=\"8\" src=\"http:\/\/www.annamargules.com\/Grafica\/pixelT.gif\" alt=\"\"><strong><span class=\"txtBioBlu\">8. October 2008<\/span><\/strong> CENTRO CULTURAL JULIO CORT\u00c1ZAR Madrid(C\/ Antonio Machado n\u00ba 20) 20h<br><img loading=\"lazy\" decoding=\"async\" width=\"20\" height=\"8\" src=\"http:\/\/www.annamargules.com\/Grafica\/pixelT.gif\" alt=\"\"><a class=\"txtBio\" rel=\"noopener noreferrer\" href=\"http:\/\/www.annamargules.com\/HTM\/Lejos_del_Corazon.doc\" target=\"_blank\"><u>LEJOS DEL CORAZ\u00d3N de Estela Le\u00f1ero >><\/u><\/a><br><img loading=\"lazy\" decoding=\"async\" width=\"20\" height=\"8\" src=\"http:\/\/www.annamargules.com\/Grafica\/pixelT.gif\" alt=\"\">Direcci\u00f3n Gema Aparicio<br><img loading=\"lazy\" decoding=\"async\" width=\"20\" height=\"8\" src=\"http:\/\/www.annamargules.com\/Grafica\/pixelT.gif\" alt=\"\">Dise\u00f1o sonoro e interpretaci\u00f3n: Anna Margules<br><img loading=\"lazy\" decoding=\"async\" width=\"20\" height=\"8\" src=\"http:\/\/www.annamargules.com\/Grafica\/pixelT.gif\" alt=\"\">Con Amaranta Osorio, Juanjo Pinto, Carmen Fierro, Juan Reguil\u00f3n y Gabriel Ferrer<\/span><\/p> <p><img loading=\"lazy\" decoding=\"async\" width=\"10\" height=\"3\" src=\"http:\/\/www.annamargules.com\/Grafica\/signBlu8.gif\" alt=\"\"><img loading=\"lazy\" decoding=\"async\" width=\"10\" height=\"8\" src=\"http:\/\/www.annamargules.com\/Grafica\/pixelT.gif\" alt=\"\"><strong><span class=\"txtBioBlu\">28 September 2008, 15:30<\/span><\/strong><span class=\"txtBioBlu\"> Madrid<br><img loading=\"lazy\" decoding=\"async\" width=\"20\" height=\"8\" src=\"http:\/\/www.annamargules.com\/Grafica\/pixelT.gif\" alt=\"\">CIEM &#8220;FEDERICO MORENO TORROBA&#8221;<br><img loading=\"lazy\" decoding=\"async\" width=\"20\" height=\"8\" src=\"http:\/\/www.annamargules.com\/Grafica\/pixelT.gif\" alt=\"\">Conferencia: &#8220;Lo m\u00e1s sutil, m\u00fasica del Oto\u00f1o de la Edad Media&#8221;<br><img loading=\"lazy\" decoding=\"async\" width=\"20\" height=\"8\" src=\"http:\/\/www.annamargules.com\/Grafica\/pixelT.gif\" alt=\"\">Anna Margules<br><img loading=\"lazy\" decoding=\"async\" width=\"20\" height=\"8\" src=\"http:\/\/www.annamargules.com\/Grafica\/pixelT.gif\" alt=\"\"><a class=\"txtBio\" rel=\"noopener noreferrer\" href=\"http:\/\/www.annamargules.com\/HTM\/SemanaMusicaAntigua08.pdf\" target=\"_blank\"><u>Semana de la M\u00fasica Antigua >><\/u><\/a><\/span><\/p> <p><img loading=\"lazy\" decoding=\"async\" width=\"10\" height=\"3\" src=\"http:\/\/www.annamargules.com\/Grafica\/signBlu8.gif\" alt=\"\"><img loading=\"lazy\" decoding=\"async\" width=\"10\" height=\"8\" src=\"http:\/\/www.annamargules.com\/Grafica\/pixelT.gif\" alt=\"\"><strong><span class=\"txtBioBlu\">19 September 2008<\/span><\/strong><span class=\"txtBioBlu\"> Ojo At\u00f3mico, Madrid<br><img loading=\"lazy\" decoding=\"async\" width=\"20\" height=\"8\" src=\"http:\/\/www.annamargules.com\/Grafica\/pixelT.gif\" alt=\"\"><a class=\"txtBio\" rel=\"noopener noreferrer\" href=\"http:\/\/www.annamargules.com\/HTM\/La_ultima_excena.pdf\" target=\"_blank\"><u>&#8220;Anatom\u00eda del desplazamiento o la \u00faltima eXcena&#8221; >><\/u><\/a><br><img loading=\"lazy\" decoding=\"async\" width=\"20\" height=\"8\" src=\"http:\/\/www.annamargules.com\/Grafica\/pixelT.gif\" alt=\"\">Performance\/Installation\/Video: C\u00e9sar Mart\u00ednez<br><img loading=\"lazy\" decoding=\"async\" width=\"20\" height=\"8\" src=\"http:\/\/www.annamargules.com\/Grafica\/pixelT.gif\" alt=\"\">Live music: Anna Margules <\/span><\/p> <p><img loading=\"lazy\" decoding=\"async\" width=\"10\" height=\"3\" src=\"http:\/\/www.annamargules.com\/Grafica\/signBlu8.gif\" alt=\"\"><img loading=\"lazy\" decoding=\"async\" width=\"10\" height=\"8\" src=\"http:\/\/www.annamargules.com\/Grafica\/pixelT.gif\" alt=\"\"><strong><span class=\"txtBioBlu\">30, 31 August 2008<\/span><\/strong> Festival OudeMusiek Utrecht<br><span class=\"txtBio\"><img loading=\"lazy\" decoding=\"async\" width=\"20\" height=\"8\" src=\"http:\/\/www.annamargules.com\/Grafica\/pixelT.gif\" alt=\"\"><\/span>&#8220;Ensalada de Ensaladas&#8221;<br><span class=\"txtBio\"><img loading=\"lazy\" decoding=\"async\" width=\"20\" height=\"8\" src=\"http:\/\/www.annamargules.com\/Grafica\/pixelT.gif\" alt=\"\"><\/span>M\u00fasica Temprana &amp; La Caccia<br><span class=\"txtBio\"><img loading=\"lazy\" decoding=\"async\" width=\"20\" height=\"8\" src=\"http:\/\/www.annamargules.com\/Grafica\/pixelT.gif\" alt=\"\"><\/span>Info: www.oudemuziek.nl\/en<\/p> <p><img loading=\"lazy\" decoding=\"async\" width=\"10\" height=\"3\" src=\"http:\/\/www.annamargules.com\/Grafica\/signBlu8.gif\" alt=\"\"><img loading=\"lazy\" decoding=\"async\" width=\"10\" height=\"8\" src=\"http:\/\/www.annamargules.com\/Grafica\/pixelT.gif\" alt=\"\"><strong><span class=\"txtBioBlu\">9 June 2008<\/span><\/strong> <span class=\"txtBio\">Madrid, Museo del Prado<br><img loading=\"lazy\" decoding=\"async\" width=\"20\" height=\"8\" src=\"http:\/\/www.annamargules.com\/Grafica\/pixelT.gif\" alt=\"\">Premio Vel\u00e1zquez de Artes Pl\u00e1sticas 2008 al artista brasile\u00f1o Cildo Meireles<br><img loading=\"lazy\" decoding=\"async\" width=\"20\" height=\"8\" src=\"http:\/\/www.annamargules.com\/Grafica\/pixelT.gif\" alt=\"\">otorgado por el Rey Juan Carlos I de Espa\u00f1a<br><img loading=\"lazy\" decoding=\"async\" width=\"20\" height=\"8\" src=\"http:\/\/www.annamargules.com\/Grafica\/pixelT.gif\" alt=\"\">Ofrenda de Mario Lavista, Flauta de pico: Anna Margules<\/span><\/p> <p><strong><span class=\"txtBioBlu\"><img loading=\"lazy\" decoding=\"async\" width=\"10\" height=\"3\" src=\"http:\/\/www.annamargules.com\/Grafica\/signBlu8.gif\" alt=\"\"><img loading=\"lazy\" decoding=\"async\" width=\"10\" height=\"8\" src=\"http:\/\/www.annamargules.com\/Grafica\/pixelT.gif\" alt=\"\">16 , 19 y 29 May 2008<\/span><\/strong> <span class=\"txtBio\">Madrid<\/span><br><span class=\"txtBio\"><img loading=\"lazy\" decoding=\"async\" width=\"20\" height=\"8\" src=\"http:\/\/www.annamargules.com\/Grafica\/pixelT.gif\" alt=\"\">INTRATEMPO (Recorders): Anna Margules Trudy Grimbergen, Daniel Bernaza)<br><img loading=\"lazy\" decoding=\"async\" width=\"20\" height=\"8\" src=\"http:\/\/www.annamargules.com\/Grafica\/pixelT.gif\" alt=\"\">16 (10:00h), 19 y 29 (10:00h-11:30h) May 2008<br><img loading=\"lazy\" decoding=\"async\" width=\"20\" height=\"8\" src=\"http:\/\/www.annamargules.com\/Grafica\/pixelT.gif\" alt=\"\">Pedagogical concerts<br><img loading=\"lazy\" decoding=\"async\" width=\"20\" height=\"8\" src=\"http:\/\/www.annamargules.com\/Grafica\/pixelT.gif\" alt=\"\">Auditorio Nacional de M\u00fasica de Madrid<\/span><\/p> <p><strong><span class=\"txtBioBlu\"><img loading=\"lazy\" decoding=\"async\" width=\"10\" height=\"3\" src=\"http:\/\/www.annamargules.com\/Grafica\/signBlu8.gif\" alt=\"\"><img loading=\"lazy\" decoding=\"async\" width=\"10\" height=\"8\" src=\"http:\/\/www.annamargules.com\/Grafica\/pixelT.gif\" alt=\"\"><\/span><\/strong><span class=\"txtBioBlu\"><strong>11 March 2008<\/strong><\/span> <span class=\"txtBio\">Mexico D.F.<br><img loading=\"lazy\" decoding=\"async\" width=\"20\" height=\"8\" src=\"http:\/\/www.annamargules.com\/Grafica\/pixelT.gif\" alt=\"\">ENM-UNAM, 18:30h(conference)-20:00h(concert)<br><img loading=\"lazy\" decoding=\"async\" width=\"20\" height=\"8\" src=\"http:\/\/www.annamargules.com\/Grafica\/pixelT.gif\" alt=\"\">Anna Margules: Conference\/Concert of solo recorder and electronics.<br><img loading=\"lazy\" decoding=\"async\" width=\"20\" height=\"8\" src=\"http:\/\/www.annamargules.com\/Grafica\/pixelT.gif\" alt=\"\">Works by Marisa Manchado, Ignacio Baca-Lobera, Cristobal Hallfter, Gabriela Ort\u00edz, Gonzalo Mac\u00edas,<br><img loading=\"lazy\" decoding=\"async\" width=\"20\" height=\"8\" src=\"http:\/\/www.annamargules.com\/Grafica\/pixelT.gif\" alt=\"\">V\u00edctor Rasgado, Alejandra Hern\u00e1ndez.<\/span><\/p> <p><strong><span class=\"txtBioBlu\"><img loading=\"lazy\" decoding=\"async\" width=\"10\" height=\"3\" src=\"http:\/\/www.annamargules.com\/Grafica\/signBlu8.gif\" alt=\"\"><img loading=\"lazy\" decoding=\"async\" width=\"10\" height=\"8\" src=\"http:\/\/www.annamargules.com\/Grafica\/pixelT.gif\" alt=\"\"><\/span><\/strong><span class=\"txtBioBlu\"><strong>13 March 2008<\/strong><\/span> <span class=\"txtBio\">Quer\u00e9taro, M\u00e9xico<\/span><br><span class=\"txtBio\"> <img loading=\"lazy\" decoding=\"async\" width=\"20\" height=\"8\" src=\"http:\/\/www.annamargules.com\/Grafica\/pixelT.gif\" alt=\"\">Conservatorio de Musica J. Guadalupe Vel\u00e1zquez. 20:30h<br><img loading=\"lazy\" decoding=\"async\" width=\"20\" height=\"8\" src=\"http:\/\/www.annamargules.com\/Grafica\/pixelT.gif\" alt=\"\">Anna Margules: Presentation of the CD &#8220;\u00bfDe qu\u00e9 lado&#8230;?&#8221;<br><img loading=\"lazy\" decoding=\"async\" width=\"20\" height=\"8\" src=\"http:\/\/www.annamargules.com\/Grafica\/pixelT.gif\" alt=\"\">Anna Margules: Solo recorder and electronics. Works by Marisa Manchado, Ignacio Baca-Lobera,<br><img loading=\"lazy\" decoding=\"async\" width=\"20\" height=\"8\" src=\"http:\/\/www.annamargules.com\/Grafica\/pixelT.gif\" alt=\"\">Cristobal Hallfter, Gabriela Ort\u00edz, Gonzalo Mac\u00edas,V\u00edctor Rasgado, Alejandra Hern\u00e1ndez.<\/span><\/p> <p><strong><span class=\"txtBioBlu\"><img loading=\"lazy\" decoding=\"async\" width=\"10\" height=\"3\" src=\"http:\/\/www.annamargules.com\/Grafica\/signBlu8.gif\" alt=\"\"><img loading=\"lazy\" decoding=\"async\" width=\"10\" height=\"8\" src=\"http:\/\/www.annamargules.com\/Grafica\/pixelT.gif\" alt=\"\"><\/span><\/strong><span class=\"txtBioBlu\"><strong>3 December 2007<\/strong><\/span> <span class=\"txtBio\">Madrid<\/span><br><span class=\"txtBio\"><img loading=\"lazy\" decoding=\"async\" width=\"20\" height=\"8\" src=\"http:\/\/www.annamargules.com\/Grafica\/pixelT.gif\" alt=\"\">PRESENTATION OF CD: <strong>\u00bfDe qu\u00e9 lado&#8230;?<\/strong><br><img loading=\"lazy\" decoding=\"async\" width=\"20\" height=\"8\" src=\"http:\/\/www.annamargules.com\/Grafica\/pixelT.gif\" alt=\"\">Recorders: <strong>Anna Margules<\/strong><br><img loading=\"lazy\" decoding=\"async\" width=\"20\" height=\"8\" src=\"http:\/\/www.annamargules.com\/Grafica\/pixelT.gif\" alt=\"\">Music of our times and from both sides of the Atlantic Ocean<br><img loading=\"lazy\" decoding=\"async\" width=\"20\" height=\"8\" src=\"http:\/\/www.annamargules.com\/Grafica\/pixelT.gif\" alt=\"\">Javier Arias Bal (compositor, musicologist), Rub\u00e9n L\u00f3pez Cano (musicologist)<\/span><br><span class=\"txtBio\"><img loading=\"lazy\" decoding=\"async\" width=\"20\" height=\"8\" src=\"http:\/\/www.annamargules.com\/Grafica\/pixelT.gif\" alt=\"\">20:00h Instituto de M\u00e9xico en Espa\u00f1a, Carrera de San Jer\u00f3nimo, 46 Madrid <\/span><\/p> <p><strong><span class=\"txtBioBlu\"><img loading=\"lazy\" decoding=\"async\" width=\"10\" height=\"3\" src=\"http:\/\/www.annamargules.com\/Grafica\/signBlu8.gif\" alt=\"\"><img loading=\"lazy\" decoding=\"async\" width=\"10\" height=\"8\" src=\"http:\/\/www.annamargules.com\/Grafica\/pixelT.gif\" alt=\"\">2, 3 October 2007<\/span><\/strong> <span class=\"txtBio\">Alcal\u00e1 de Henares, Madrid<br><img loading=\"lazy\" decoding=\"async\" width=\"20\" height=\"8\" src=\"http:\/\/www.annamargules.com\/Grafica\/pixelT.gif\" alt=\"\"><strong>LEJOS DEL CORAZ\u00d3N<\/strong> (Lectura Dramatizada)<br><img loading=\"lazy\" decoding=\"async\" width=\"20\" height=\"8\" src=\"http:\/\/www.annamargules.com\/Grafica\/pixelT.gif\" alt=\"\">Menci\u00f3n de Honor del Premio Internacional 2007, Casa de Teatro Santo Domingo, M\u00e9xico, De Estela Le\u00f1ero<br><img loading=\"lazy\" decoding=\"async\" width=\"20\" height=\"8\" src=\"http:\/\/www.annamargules.com\/Grafica\/pixelT.gif\" alt=\"\">Direcci\u00f3n: <strong>Gema Aparicio<\/strong><br><img loading=\"lazy\" decoding=\"async\" width=\"20\" height=\"8\" src=\"http:\/\/www.annamargules.com\/Grafica\/pixelT.gif\" alt=\"\">M\u00fasica: <strong>Anna Margules<\/strong><br><img loading=\"lazy\" decoding=\"async\" width=\"20\" height=\"8\" src=\"http:\/\/www.annamargules.com\/Grafica\/pixelT.gif\" alt=\"\">Con la participaci\u00f3n de <strong>Amaranta Osorio, Sergio Barreiro, Javier P\u00e1ez, Ver\u00f3nica Rodr\u00edguez,<br><img loading=\"lazy\" decoding=\"async\" width=\"20\" height=\"8\" src=\"http:\/\/www.annamargules.com\/Grafica\/pixelT.gif\" alt=\"\">Carlos Jim\u00e9nez-Alfaro<\/strong><br><img loading=\"lazy\" decoding=\"async\" width=\"20\" height=\"8\" src=\"http:\/\/www.annamargules.com\/Grafica\/pixelT.gif\" alt=\"\"> <em>\u201cEl destierro es un laberinto que nos separa de lo que m\u00e1s queremos.\u201d<\/em><\/span><\/p> <p><span class=\"txtBio\"><strong><img loading=\"lazy\" decoding=\"async\" width=\"20\" height=\"8\" src=\"http:\/\/www.annamargules.com\/Grafica\/pixelT.gif\" alt=\"\"><span class=\"txtBioBlu\">2 October 2007<\/span><\/strong> Alcal\u00e1 de Henares<br><img loading=\"lazy\" decoding=\"async\" width=\"20\" height=\"8\" src=\"http:\/\/www.annamargules.com\/Grafica\/pixelT.gif\" alt=\"\">18:00h Universidad de Alcal\u00e1, Teatro La Galera<br><img loading=\"lazy\" decoding=\"async\" width=\"20\" height=\"8\" src=\"http:\/\/www.annamargules.com\/Grafica\/pixelT.gif\" alt=\"\">c\/Santo Tom\u00e1s, s\/n Alcal\u00e1 de Henares<\/span><\/p> <p><strong><img loading=\"lazy\" decoding=\"async\" width=\"20\" height=\"8\" src=\"http:\/\/www.annamargules.com\/Grafica\/pixelT.gif\" alt=\"\"><span class=\"txtBioBlu\">3 October 2007<\/span><\/strong> Madrid<br><img loading=\"lazy\" decoding=\"async\" width=\"20\" height=\"8\" src=\"http:\/\/www.annamargules.com\/Grafica\/pixelT.gif\" alt=\"\">12:00h del d\u00eda Universidad Complutense, Facultad de Filolog\u00eda<br><img loading=\"lazy\" decoding=\"async\" width=\"20\" height=\"8\" src=\"http:\/\/www.annamargules.com\/Grafica\/pixelT.gif\" alt=\"\">Edificio A Aula A 15, Ciudad Universitaria<\/p> <p><strong><span class=\"txtBio\"><img loading=\"lazy\" decoding=\"async\" width=\"10\" height=\"3\" src=\"http:\/\/www.annamargules.com\/Grafica\/signBlu8.gif\" alt=\"\"><img loading=\"lazy\" decoding=\"async\" width=\"10\" height=\"8\" src=\"http:\/\/www.annamargules.com\/Grafica\/pixelT.gif\" alt=\"\">September 24th 2007 <\/span><\/strong><span class=\"txtBio\">Mexico D.F.<\/span><br><span class=\"txtBio\"><img loading=\"lazy\" decoding=\"async\" width=\"20\" height=\"8\" src=\"http:\/\/www.annamargules.com\/Grafica\/pixelT.gif\" alt=\"\">19:00h Sala Manuel M. Ponce &#8211; Palacio de Bellas Artes, Mexico D.F<br><img loading=\"lazy\" decoding=\"async\" width=\"20\" height=\"8\" src=\"http:\/\/www.annamargules.com\/Grafica\/pixelT.gif\" alt=\"\">Sibila, Art Magazine<br><img loading=\"lazy\" decoding=\"async\" width=\"20\" height=\"8\" src=\"http:\/\/www.annamargules.com\/Grafica\/pixelT.gif\" alt=\"\">Poems by Tom\u00e1s and Francisco Segovia<br><img loading=\"lazy\" decoding=\"async\" width=\"20\" height=\"8\" src=\"http:\/\/www.annamargules.com\/Grafica\/pixelT.gif\" alt=\"\">Concert: <strong>Anna Margules<\/strong> (recorders) with works by Gabriela Ortiz and Alejandra Hern\u00e1ndez,<br><img loading=\"lazy\" decoding=\"async\" width=\"20\" height=\"8\" src=\"http:\/\/www.annamargules.com\/Grafica\/pixelT.gif\" alt=\"\"> and <strong>Alberto Rosado<\/strong> (piano) with works by Jose Manuel L\u00f3pez L\u00f3pez and Jose Manuel Broto. <\/span><\/p> <p><img loading=\"lazy\" decoding=\"async\" width=\"10\" height=\"3\" src=\"http:\/\/www.annamargules.com\/Grafica\/signBlu8.gif\" alt=\"\"><img loading=\"lazy\" decoding=\"async\" width=\"10\" height=\"8\" src=\"http:\/\/www.annamargules.com\/Grafica\/pixelT.gif\" alt=\"\"><span class=\"txtBio\"><strong><span class=\"txtBioBlu\">5., 6., 7. July 2007<\/span><\/strong> Galicia (Spain)<br><img loading=\"lazy\" decoding=\"async\" width=\"20\" height=\"8\" src=\"http:\/\/www.annamargules.com\/Grafica\/pixelT.gif\" alt=\"\">Festival VIA STELLAE, Galicia 2007<br><img loading=\"lazy\" decoding=\"async\" width=\"20\" height=\"8\" src=\"http:\/\/www.annamargules.com\/Grafica\/pixelT.gif\" alt=\"\">LE GRAND BALLET, French songs and dances from the XVIIIth century in Spain<br><img loading=\"lazy\" decoding=\"async\" width=\"20\" height=\"8\" src=\"http:\/\/www.annamargules.com\/Grafica\/pixelT.gif\" alt=\"\"><strong>Anna Margules<\/strong>, recorder<br><img loading=\"lazy\" decoding=\"async\" width=\"20\" height=\"8\" src=\"http:\/\/www.annamargules.com\/Grafica\/pixelT.gif\" alt=\"\"><strong>Santi Mir\u00f3n<\/strong>, viola da Gamba<br><img loading=\"lazy\" decoding=\"async\" width=\"20\" height=\"8\" src=\"http:\/\/www.annamargules.com\/Grafica\/pixelT.gif\" alt=\"\"><strong>Manuel Vilas<\/strong>, Harp<br><img loading=\"lazy\" decoding=\"async\" width=\"20\" height=\"8\" src=\"http:\/\/www.annamargules.com\/Grafica\/pixelT.gif\" alt=\"\"><\/span>5 de Julio: Pontevedra (Bas\u00edlica de Santa Mar\u00eda) 21 h.<br><span class=\"txtBio\"><img loading=\"lazy\" decoding=\"async\" width=\"20\" height=\"8\" src=\"http:\/\/www.annamargules.com\/Grafica\/pixelT.gif\" alt=\"\"><\/span>6 de Julio: Cambados (Auditorio da xuventude) 21:30 h.<br><span class=\"txtBio\"><img loading=\"lazy\" decoding=\"async\" width=\"20\" height=\"8\" src=\"http:\/\/www.annamargules.com\/Grafica\/pixelT.gif\" alt=\"\"><\/span>7 de Julio: Sobrado dos Monxes (Sala Capitular) 20:30 h.<br><span class=\"txtBio\"><img loading=\"lazy\" decoding=\"async\" width=\"20\" height=\"8\" src=\"http:\/\/www.annamargules.com\/Grafica\/pixelT.gif\" alt=\"\"><\/span><a rel=\"noopener noreferrer\" href=\"http:\/\/www.viastellae.es\/\" target=\"_blank\"><span style=\"color: #000000;\">http:\/\/www.viastellae.es\/<\/span><\/a><\/p> <p><img loading=\"lazy\" decoding=\"async\" width=\"10\" height=\"3\" src=\"http:\/\/www.annamargules.com\/Grafica\/signBlu8.gif\" alt=\"\"><img loading=\"lazy\" decoding=\"async\" width=\"10\" height=\"8\" src=\"http:\/\/www.annamargules.com\/Grafica\/pixelT.gif\" alt=\"\"><strong><span class=\"txtBioBlu\">30. May 2007<\/span><\/strong> Zaragoza, Instituci\u00f3n Fernando el Cat\u00f3lico, 19.30h<br><img loading=\"lazy\" decoding=\"async\" width=\"20\" height=\"8\" src=\"http:\/\/www.annamargules.com\/Grafica\/pixelT.gif\" alt=\"\">Presentation of the book:<strong><a rel=\"noopener noreferrer\" href=\"http:\/\/www.annamargules.com\/Foto\/lamentationes.pdf\" target=\"_blank\"><span class=\"txtBio\">Pedro Ruimonte: Lamentationes Hieremiae Prophetae sex vocum >><\/span><\/a><\/strong><br><img loading=\"lazy\" decoding=\"async\" width=\"20\" height=\"8\" src=\"http:\/\/www.annamargules.com\/Grafica\/pixelT.gif\" alt=\"\">[Polifon\u00eda Aragonesa, XIV]<br><img loading=\"lazy\" decoding=\"async\" width=\"20\" height=\"8\" src=\"http:\/\/www.annamargules.com\/Grafica\/pixelT.gif\" alt=\"\">Edition of Joan Izquierdo and Anna Margules<br><img loading=\"lazy\" decoding=\"async\" width=\"20\" height=\"8\" src=\"http:\/\/www.annamargules.com\/Grafica\/pixelT.gif\" alt=\"\">Address: Instituci\u00f3n \u00abFernando el Cat\u00f3lico\u00bb (Excma. Diputaci\u00f3n de Zaragoza)<br><img loading=\"lazy\" decoding=\"async\" width=\"20\" height=\"8\" src=\"http:\/\/www.annamargules.com\/Grafica\/pixelT.gif\" alt=\"\">Plaza de Espa\u00f1a, 2 &#8211; 50071 Zaragoza (Spain)<br><img loading=\"lazy\" decoding=\"async\" width=\"20\" height=\"8\" src=\"http:\/\/www.annamargules.com\/Grafica\/pixelT.gif\" alt=\"\">Tel:: [34] 976 28 88 78 y 976 28 88 79<br><img loading=\"lazy\" decoding=\"async\" width=\"20\" height=\"8\" src=\"http:\/\/www.annamargules.com\/Grafica\/pixelT.gif\" alt=\"\">email: ifc@dpz.es<br><img loading=\"lazy\" decoding=\"async\" width=\"20\" height=\"8\" src=\"http:\/\/www.annamargules.com\/Grafica\/pixelT.gif\" alt=\"\"><a rel=\"noopener noreferrer\" href=\"http:\/\/www.annamargules.com\/Foto\/lamentationes.pdf\" target=\"_blank\"><img loading=\"lazy\" decoding=\"async\" width=\"50\" height=\"70\" border=\"0\" src=\"http:\/\/www.annamargules.com\/Foto\/portadaLamentations.jpg\" alt=\"\"><\/a><br><img loading=\"lazy\" decoding=\"async\" width=\"20\" height=\"8\" src=\"http:\/\/www.annamargules.com\/Grafica\/pixelT.gif\" alt=\"\"><a class=\"txtBio\" rel=\"noopener noreferrer\" href=\"http:\/\/www.annamargules.com\/Foto\/lamentationes.pdf\" target=\"_blank\">see details \u00bb<\/a><\/p> <p><img loading=\"lazy\" decoding=\"async\" width=\"10\" height=\"3\" src=\"http:\/\/www.annamargules.com\/Grafica\/signBlu8.gif\" alt=\"\"><img loading=\"lazy\" decoding=\"async\" width=\"10\" height=\"8\" src=\"http:\/\/www.annamargules.com\/Grafica\/pixelT.gif\" alt=\"\"><strong><span class=\"txtBioBlu\">19th to 23th February 2007<\/span><\/strong>, Madrid<br><img loading=\"lazy\" decoding=\"async\" width=\"20\" height=\"8\" src=\"http:\/\/www.annamargules.com\/Grafica\/pixelT.gif\" alt=\"\"><strong>Benjamin Britten: Noye&#8217;s Fludde <\/strong>&#8220;Pedagogical Concerts&#8221;<br><img loading=\"lazy\" decoding=\"async\" width=\"20\" height=\"8\" src=\"http:\/\/www.annamargules.com\/Grafica\/pixelT.gif\" alt=\"\">Fundaci\u00f3n Caja Madrid. Teatro de Madrid<\/p> <p><img loading=\"lazy\" decoding=\"async\" width=\"10\" height=\"3\" src=\"http:\/\/www.annamargules.com\/Grafica\/signBlu8.gif\" alt=\"\"><img loading=\"lazy\" decoding=\"async\" width=\"10\" height=\"8\" src=\"http:\/\/www.annamargules.com\/Grafica\/pixelT.gif\" alt=\"\"><b><span class=\"txtBioBlu\">30. September, 1. and 7. October, 18. November, 2., 3., 15., 23., 27., 29. December<\/span><\/b><br><img loading=\"lazy\" decoding=\"async\" width=\"20\" height=\"8\" src=\"http:\/\/www.annamargules.com\/Grafica\/pixelT.gif\" alt=\"\">Pinto, Getafe, Linares, Legan\ufffds, Puertollano, Toledo, Talavera, Ciudad Real (Spain)<br><img loading=\"lazy\" decoding=\"async\" width=\"20\" height=\"8\" src=\"http:\/\/www.annamargules.com\/Grafica\/pixelT.gif\" alt=\"\"><b>Peter Maxwell Davies: &#8220;La Cenicienta&#8221; (opera)<\/b><br><img loading=\"lazy\" decoding=\"async\" width=\"20\" height=\"8\" src=\"http:\/\/www.annamargules.com\/Grafica\/pixelT.gif\" alt=\"\"><a><span class=\"bluLink\">details>><\/span><\/a><\/p> <p><b><img loading=\"lazy\" decoding=\"async\" width=\"10\" height=\"3\" src=\"http:\/\/www.annamargules.com\/Grafica\/signBlu8.gif\" alt=\"\"><img loading=\"lazy\" decoding=\"async\" width=\"10\" height=\"8\" src=\"http:\/\/www.annamargules.com\/Grafica\/pixelT.gif\" alt=\"\">22. October 2006 <\/b> Vendrell (Catalonia) 12h, Vendrell Auditori<br><img loading=\"lazy\" decoding=\"async\" width=\"20\" height=\"8\" src=\"http:\/\/www.annamargules.com\/Grafica\/pixelT.gif\" alt=\"\">Sforzinda Recorder Consort. <b>Spanish Liturgical Music of the Sixteenth century<\/b>.<\/p> <p><img loading=\"lazy\" decoding=\"async\" width=\"10\" height=\"3\" src=\"http:\/\/www.annamargules.com\/Grafica\/signBlu8.gif\" alt=\"\"><img loading=\"lazy\" decoding=\"async\" width=\"10\" height=\"8\" src=\"http:\/\/www.annamargules.com\/Grafica\/pixelT.gif\" alt=\"\"><b>23 August 2006<\/b> 20:00h. M\u00e9xico City. Centro Universitario de Teatro (CUT)<br><img loading=\"lazy\" decoding=\"async\" width=\"20\" height=\"8\" src=\"http:\/\/www.annamargules.com\/Grafica\/pixelT.gif\" alt=\"\"><b>Concert for Margules<\/b>: recorders and electroachoustics<br><img loading=\"lazy\" decoding=\"async\" width=\"20\" height=\"8\" src=\"http:\/\/www.annamargules.com\/Grafica\/pixelT.gif\" alt=\"\">Anna Margules: recorders<br><img loading=\"lazy\" decoding=\"async\" width=\"20\" height=\"8\" src=\"http:\/\/www.annamargules.com\/Grafica\/pixelT.gif\" alt=\"\">Lydia Margules: light design<br><img loading=\"lazy\" decoding=\"async\" width=\"20\" height=\"8\" src=\"http:\/\/www.annamargules.com\/Grafica\/pixelT.gif\" alt=\"\">Miguel Hern\u00e1ndez: Audio<br><img loading=\"lazy\" decoding=\"async\" width=\"20\" height=\"8\" src=\"http:\/\/www.annamargules.com\/Grafica\/pixelT.gif\" alt=\"\"><a><span class=\"bluLink\">details>><\/span><\/a> <img loading=\"lazy\" decoding=\"async\" width=\"20\" height=\"8\" src=\"http:\/\/www.annamargules.com\/Grafica\/pixelT.gif\" alt=\"\"><\/p> <p><span class=\"txtBio\"><img loading=\"lazy\" decoding=\"async\" width=\"10\" height=\"3\" src=\"http:\/\/www.annamargules.com\/Grafica\/signBlu8.gif\" alt=\"\"><img loading=\"lazy\" decoding=\"async\" width=\"10\" height=\"1\" src=\"http:\/\/www.annamargules.com\/Grafica\/pixelT.gif\" alt=\"\"><b class=\"txtBioBlu\">29th of June 2006 <\/b>Madrid, Museo Nacional de Arte reina Sof\u00eda<br><img loading=\"lazy\" decoding=\"async\" width=\"20\" height=\"8\" src=\"http:\/\/www.annamargules.com\/Grafica\/pixelT.gif\" alt=\"\"><b>Jornadas de Inform\u00e1tica y Electr\u00f3nica musical 2006<\/b>.<\/span><\/p> <p class=\"txtBio\"><img loading=\"lazy\" decoding=\"async\" width=\"10\" height=\"3\" src=\"http:\/\/www.annamargules.com\/Grafica\/signBlu8.gif\" alt=\"\"><img loading=\"lazy\" decoding=\"async\" width=\"10\" height=\"1\" src=\"http:\/\/www.annamargules.com\/Grafica\/pixelT.gif\" alt=\"\"><b class=\"txtBioBlu\">10th of June 2006<\/b> Le\u00f3n, Castile. Auditorio de la Fundaci\u00f3n Euterpe.<br><img loading=\"lazy\" decoding=\"async\" width=\"20\" height=\"8\" src=\"http:\/\/www.annamargules.com\/Grafica\/pixelT.gif\" alt=\"\">Sforzinda Recorder Consort. <b>Spanish Liturgical Music of the Sixteenth century<\/b><\/p> <p class=\"txtBio\"><img loading=\"lazy\" decoding=\"async\" width=\"10\" height=\"3\" src=\"http:\/\/www.annamargules.com\/Grafica\/signBlu8.gif\" alt=\"\"><img loading=\"lazy\" decoding=\"async\" width=\"10\" height=\"1\" src=\"http:\/\/www.annamargules.com\/Grafica\/pixelT.gif\" alt=\"\"><b class=\"txtBioBlu\">10th of June 2006 <\/b>Vilanova, Catalonia.<br><img loading=\"lazy\" decoding=\"async\" width=\"20\" height=\"8\" src=\"http:\/\/www.annamargules.com\/Grafica\/pixelT.gif\" alt=\"\">Sforzinda Recorder Consort.<b> Spanish Liturgical Music of the Sixteenth century<\/b><\/p> <p class=\"txtBio\"><img loading=\"lazy\" decoding=\"async\" width=\"10\" height=\"3\" src=\"http:\/\/www.annamargules.com\/Grafica\/signBlu8.gif\" alt=\"\"><img loading=\"lazy\" decoding=\"async\" width=\"10\" height=\"1\" src=\"http:\/\/www.annamargules.com\/Grafica\/pixelT.gif\" alt=\"\"><b class=\"txtBioBlu\">19th of May 2006<\/b>.Granollers, Catalonia. Teatre Auditori.<br><img loading=\"lazy\" decoding=\"async\" width=\"20\" height=\"8\" src=\"http:\/\/www.annamargules.com\/Grafica\/pixelT.gif\" alt=\"\">Sforzinda (Recorder Consort). <b>Spanish Liturgical Music of the Sixteenth century<\/b><\/p> <p class=\"txtBio\"><img loading=\"lazy\" decoding=\"async\" width=\"10\" height=\"3\" src=\"http:\/\/www.annamargules.com\/Grafica\/signBlu8.gif\" alt=\"\"><img loading=\"lazy\" decoding=\"async\" width=\"10\" height=\"1\" src=\"http:\/\/www.annamargules.com\/Grafica\/pixelT.gif\" alt=\"\"><b class=\"txtBioBlu\">22nd of February 2006 <\/b>Badajoz, Spain. 22. MEIAC.<br><img loading=\"lazy\" decoding=\"async\" width=\"20\" height=\"8\" src=\"http:\/\/www.annamargules.com\/Grafica\/pixelT.gif\" alt=\"\"><b>\u00bfOn which side&#8230;? Solo Recorder and with electroacoustics from both sides of the Atlantic Ocean<\/b><\/p> <p class=\"txtBio\"><img loading=\"lazy\" decoding=\"async\" width=\"10\" height=\"3\" src=\"http:\/\/www.annamargules.com\/Grafica\/signBlu8.gif\" alt=\"\"><img loading=\"lazy\" decoding=\"async\" width=\"10\" height=\"1\" src=\"http:\/\/www.annamargules.com\/Grafica\/pixelT.gif\" alt=\"\"><b class=\"txtBioBlu\">December 2005 <\/b>Santiago de Compostela, Galicia. Aula Sociocultural de la Fundaci\u00f3n Caixagalicia.<br><img loading=\"lazy\" decoding=\"async\" width=\"20\" height=\"8\" src=\"http:\/\/www.annamargules.com\/Grafica\/pixelT.gif\" alt=\"\">Mexican Music Series: <b>&#8220;Arround Frida Kahlo&#8221;<\/b>.<br><img loading=\"lazy\" decoding=\"async\" width=\"20\" height=\"8\" src=\"http:\/\/www.annamargules.com\/Grafica\/pixelT.gif\" alt=\"\">Anna Margules: Recorders. Elsa Mateu: Space and light design<\/p> <p class=\"txtBio\"><img loading=\"lazy\" decoding=\"async\" width=\"10\" height=\"3\" src=\"http:\/\/www.annamargules.com\/Grafica\/signBlu8.gif\" alt=\"\"><img loading=\"lazy\" decoding=\"async\" width=\"10\" height=\"1\" src=\"http:\/\/www.annamargules.com\/Grafica\/pixelT.gif\" alt=\"\"><b class=\"txtBioBlu\">October 2005<\/b> Guanajuato, M\u00e9xico. Sal\u00f3n del Consejo Universitario.<br><img loading=\"lazy\" decoding=\"async\" width=\"20\" height=\"8\" src=\"http:\/\/www.annamargules.com\/Grafica\/pixelT.gif\" alt=\"\"><b>\u00bfOn which side&#8230;? Solo Recorder and with electroacoustics from both sides of the Atlantic Ocean<\/b><br><img loading=\"lazy\" decoding=\"async\" width=\"20\" height=\"8\" src=\"http:\/\/www.annamargules.com\/Grafica\/pixelT.gif\" alt=\"\">Anna Margules: Recorders. Elsa Mateu: Space and light design<\/p> <\/td><\/tr><\/tbody><\/table><\/figure>\n<\/div><\/div>\n<\/div><\/div>\n","protected":false},"excerpt":{"rendered":"<p>&nbsp; Coming soon 11\/28\/2021, 18:30 &#8220;Ad maiorem dei gloriam&#8220;, musical journey through the life of Saint Ignatius of Loyola. Ensemble Tetraphilla: Jorge Apodaca, Vanesa Garc\u00eda, C\u00e9sar Polo, Elena Ruiz: voices. Ander Teller\u00eda: Mesotonic accordion, Anna Margules: Recorders. \u201cXXXVI BARROKO AIR. Days of baroque music &#8220; Ordizia Parish, Spain 11\/27\/2021 Hortus Conclusus In hora sexta (voices) <a class=\"more-link\" href=\"http:\/\/annamargules.com\/en\/projects\/\">Read More &#8230;<\/a><\/p>\n","protected":false},"author":1,"featured_media":214,"parent":0,"menu_order":0,"comment_status":"closed","ping_status":"closed","template":"","meta":{"footnotes":""},"class_list":["post-65","page","type-page","status-publish","has-post-thumbnail","hentry"],"_links":{"self":[{"href":"http:\/\/annamargules.com\/en\/wp-json\/wp\/v2\/pages\/65","targetHints":{"allow":["GET"]}}],"collection":[{"href":"http:\/\/annamargules.com\/en\/wp-json\/wp\/v2\/pages"}],"about":[{"href":"http:\/\/annamargules.com\/en\/wp-json\/wp\/v2\/types\/page"}],"author":[{"embeddable":true,"href":"http:\/\/annamargules.com\/en\/wp-json\/wp\/v2\/users\/1"}],"replies":[{"embeddable":true,"href":"http:\/\/annamargules.com\/en\/wp-json\/wp\/v2\/comments?post=65"}],"version-history":[{"count":20,"href":"http:\/\/annamargules.com\/en\/wp-json\/wp\/v2\/pages\/65\/revisions"}],"predecessor-version":[{"id":411,"href":"http:\/\/annamargules.com\/en\/wp-json\/wp\/v2\/pages\/65\/revisions\/411"}],"wp:featuredmedia":[{"embeddable":true,"href":"http:\/\/annamargules.com\/en\/wp-json\/wp\/v2\/media\/214"}],"wp:attachment":[{"href":"http:\/\/annamargules.com\/en\/wp-json\/wp\/v2\/media?parent=65"}],"curies":[{"name":"wp","href":"https:\/\/api.w.org\/{rel}","templated":true}]}}